{"id":16719,"date":"2022-11-28T15:30:08","date_gmt":"2022-11-28T14:30:08","guid":{"rendered":"https:\/\/www.ggminmi.si\/?page_id=16719"},"modified":"2022-12-02T22:30:07","modified_gmt":"2022-12-02T21:30:07","slug":"nostri-sostenitori","status":"publish","type":"page","link":"https:\/\/www.ggminmi.si\/it\/nostri-sostenitori\/","title":{"rendered":"I nostri sostenitori"},"content":{"rendered":"<section class=\"wpb-content-wrapper\"><p>[vc_row css_animation=&#8221;&#8221; row_type=&#8221;row&#8221; use_row_as_full_screen_section=&#8221;no&#8221; type=&#8221;grid&#8221; anchor=&#8221;kandidati-za-obcinski-svet&#8221; angled_section=&#8221;no&#8221; text_align=&#8221;center&#8221; background_image_as_pattern=&#8221;without_pattern&#8221; background_color=&#8221;#ffffff&#8221; padding_top=&#8221;50&#8243; z_index=&#8221;&#8221;][vc_column css=&#8221;.vc_custom_1666135886862{padding-top: 0px !important;}&#8221;][vc_row_inner row_type=&#8221;row&#8221; type=&#8221;grid&#8221; text_align=&#8221;left&#8221; css_animation=&#8221;&#8221;][vc_column_inner][vc_column_text]<\/p>\n<h1 style=\"text-align: center;\">I nostri sostenitori<\/h1>\n<p>[\/vc_column_text][vc_separator type=&#8221;small&#8221; position=&#8221;center&#8221; up=&#8221;20&#8243; down=&#8221;50&#8243;][\/vc_column_inner][\/vc_row_inner][\/vc_column][\/vc_row][vc_row css_animation=&#8221;&#8221; row_type=&#8221;row&#8221; use_row_as_full_screen_section=&#8221;no&#8221; type=&#8221;grid&#8221; anchor=&#8221;prof-dr-metka-zorc&#8221; angled_section=&#8221;no&#8221; text_align=&#8221;left&#8221; background_image_as_pattern=&#8221;without_pattern&#8221; padding_top=&#8221;60&#8243; padding_bottom=&#8221;60&#8243; z_index=&#8221;&#8221;][vc_column][vc_row_inner row_type=&#8221;row&#8221; type=&#8221;full_width&#8221; text_align=&#8221;left&#8221; css_animation=&#8221;&#8221;][vc_column_inner width=&#8221;1\/3&#8243;][vc_single_image image=&#8221;16726&#8243; img_size=&#8221;200&#215;200&#8243; alignment=&#8221;center&#8221; style=&#8221;vc_box_circle_2&#8243; qode_css_animation=&#8221;&#8221;][vc_separator type=&#8221;transparent&#8221; up=&#8221;40&#8243; down=&#8221;0&#8243;][\/vc_column_inner][vc_column_inner width=&#8221;2\/3&#8243;][vc_column_text]<\/p>\n<h3 class=\"p1\"><span class=\"s1\"><b>prof. dr. Metka Zorc, dr. med.\u00a0<\/b><\/span><\/h3>\n<p class=\"p1\"><strong>cardiologa e fondatrice del Centro sloveno per la cura delle malattie cardiovascolari MC MEDICOR<\/strong><\/p>\n<p>&nbsp;<\/p>\n<p class=\"p1\"><span class=\"s1\">Pirano \u00e8 una citt\u00e0 speciale con un potenziale straordinario, che purtroppo in Slovenia \u00e8 poco conosciuto. Il suo aspetto storico offre possibilit\u00e0 inimmaginabili per lo sviluppo del turismo, del turismo medico e dell\u2019istruzione. La posizione stessa e l\u2019architettura giocosa della citt\u00e0 gli conferiscono un fascino particolare e rappresenta sicuramente un gioiello da scoprire.<\/span><\/p>\n<p>&nbsp;<\/p>\n<p class=\"p1\"><span class=\"s1\">Ho riflettuto molto a cosa portare a Pirano, di cosa ha bisogno la citt\u00e0, e alla presentazione dei candidati che si affronteranno al ballottaggio del 4 dicembre 2022 credo che il signor Ga\u0161par Ga\u0161par Mi\u0161i\u010d rappresenti un pensiero particolare per cui vive e saprebbe certamente realizzare. \u00c8 cos\u00ec che la vedo io stessa, cos\u00ec come i miei colleghi del terzo Centro per la cura delle malattie cardiovascolari MC MEDICOR Slovenia.<\/span><\/p>\n<p>&nbsp;<\/p>\n<p class=\"p1\"><span class=\"s1\">Il signor Ga\u0161par Ga\u0161par Mi\u0161i\u010d \u00e8 membro del Consiglio dell\u2019ente Ospedale generale di Isola, cos\u00ec abbiamo avuto l\u2019opportunit\u00e0 di conoscere il suo lavoro e l\u2019energia positiva con cui sostiene costantemente anche lo sviluppo della nostra istituzione e della cardiologia slovena. Anche il suo attuale lavoro come direttore della Okolje Pirano, ha dato i suoi frutti e ha aiutato la citt\u00e0 di Pirano a una migliore sistemazione. Credo che realizzer\u00e0 i piani che promette e presenta, poich\u00e9 lo considero un uomo che mantiene la parola data e realizza tutto ci\u00f2 a cui si \u00e8 prefissato.<\/span><\/p>\n<p>&nbsp;<\/p>\n<p class=\"p1\"><span class=\"s1\">L\u2019assetto di Pirano, questa bella citt\u00e0, senza auto e con un autosilo organizzato, la sistemazione di Pirano senza asfalto, la ristrutturazione del campanile della Chiesa di S. Giorgio che conferisce alla citt\u00e0 una silhouette riconoscibile, tutti questi sono progetti che vogliamo e che servono non solo a Pirano, ma anche alla Slovenia, di cui questa meravigliosa citt\u00e0 rappresenta uno dei suoi simboli.<\/span><\/p>\n<p>[\/vc_column_text][\/vc_column_inner][\/vc_row_inner][\/vc_column][\/vc_row][vc_row css_animation=&#8221;&#8221; row_type=&#8221;row&#8221; use_row_as_full_screen_section=&#8221;no&#8221; type=&#8221;grid&#8221; anchor=&#8221;prof-dr-marko-pavliha&#8221; angled_section=&#8221;no&#8221; text_align=&#8221;left&#8221; background_image_as_pattern=&#8221;without_pattern&#8221; padding_top=&#8221;60&#8243; padding_bottom=&#8221;60&#8243; z_index=&#8221;&#8221;][vc_column][vc_row_inner row_type=&#8221;row&#8221; type=&#8221;full_width&#8221; text_align=&#8221;left&#8221; css_animation=&#8221;&#8221;][vc_column_inner width=&#8221;1\/3&#8243;][vc_single_image image=&#8221;16724&#8243; img_size=&#8221;200&#215;200&#8243; alignment=&#8221;center&#8221; style=&#8221;vc_box_circle_2&#8243; qode_css_animation=&#8221;&#8221;][vc_separator type=&#8221;transparent&#8221; up=&#8221;40&#8243; down=&#8221;0&#8243;][\/vc_column_inner][vc_column_inner width=&#8221;2\/3&#8243;][vc_column_text]<\/p>\n<h3 class=\"p1\"><span class=\"s1\"><b>prof. dr. Marko Pavliha<\/b><\/span><\/h3>\n<p class=\"p1\">ex ministro dei trasporti, ex deputato e vicepresidente della Camera di Stato della RS<\/p>\n<p>&nbsp;<\/p>\n<p class=\"p1\"><span class=\"s1\">Da quando mi sono ritirato dalla politica, ho ripetutamente promesso ai miei cari che non interferir\u00f2 pi\u00f9 con la stessa. Rispetto ci\u00f2, quando si tratta di partiti politici, ma poich\u00e9 prendo decisioni su persone specifiche alle elezioni, non posso rimanere in silenzio quando qualcuno merita sostegno ed elogio. Per questo al secondo turno voter\u00f2 per Ga\u0161par Ga\u0161par Mi\u0161i\u010d, che conosco da quasi vent\u2019anni e abbiamo sempre lavorato bene insieme. Ga\u0161par \u00e8 un imprenditore di successo e una persona estremamente laboriosa, determinata, affidabile, sensibile e visionaria che sa come trasformare le parole in risultati con le azioni. Conosce molto bene il nostro Comune con tutti i problemi che dobbiamo affrontare, dalle inondazioni e problemi di traffico a Pirano e dintorni, alle fognature, internet e altri problemi che affliggono l\u2019entroterra. Il signor Mi\u0161i\u010d non avr\u00e0 bisogno di alcun periodo di avvio alla carica di sindaco, ma potr\u00e0 iniziare a lavorare a pieno ritmo subito dopo le elezioni per rendere il Comune di Pirano nuovamente accogliente per tutti i residenti e visitatori.<\/span><\/p>\n<p>[\/vc_column_text][\/vc_column_inner][\/vc_row_inner][\/vc_column][\/vc_row][vc_row css_animation=&#8221;&#8221; row_type=&#8221;row&#8221; use_row_as_full_screen_section=&#8221;no&#8221; type=&#8221;grid&#8221; anchor=&#8221;vojka-stular&#8221; angled_section=&#8221;no&#8221; text_align=&#8221;left&#8221; background_image_as_pattern=&#8221;without_pattern&#8221; padding_top=&#8221;60&#8243; padding_bottom=&#8221;60&#8243; z_index=&#8221;&#8221;][vc_column][vc_row_inner row_type=&#8221;row&#8221; type=&#8221;full_width&#8221; text_align=&#8221;left&#8221; css_animation=&#8221;&#8221;][vc_column_inner width=&#8221;1\/3&#8243;][vc_single_image image=&#8221;16730&#8243; img_size=&#8221;200&#215;200&#8243; alignment=&#8221;center&#8221; style=&#8221;vc_box_circle_2&#8243; qode_css_animation=&#8221;&#8221;][vc_separator type=&#8221;transparent&#8221; up=&#8221;40&#8243; down=&#8221;0&#8243;][\/vc_column_inner][vc_column_inner width=&#8221;2\/3&#8243;][vc_column_text]<\/p>\n<h3 class=\"p1\"><span class=\"s1\"><b>Vojka \u0160tular<\/b><\/span><\/h3>\n<p class=\"p1\"><strong>ex sindaco del Comune di Pirano<\/strong><\/p>\n<p>&nbsp;<\/p>\n<p class=\"p1\"><span class=\"s1\">In qualit\u00e0 di ex sindaco del Comune di Pirano, dopo un\u2019attenta riflessione, ho deciso di votare per Ga\u0161par-Ga\u0161par Mi\u0161i\u010d come candidato sindaco. Il suo programma \u00e8 equilibrato e concentrato sul domani. Include settori chiave dell\u2019attivit\u00e0 economica, delle infrastrutture e dei beni pubblici. Soprattutto, sottolinea l\u2019importanza della collaborazione con i cittadini e la societ\u00e0 civile, essenziale per prendere buone e giuste decisioni che daranno al Comune di Pirano un nuovo slancio di sviluppo.<\/span><\/p>\n<p>[\/vc_column_text][\/vc_column_inner][\/vc_row_inner][\/vc_column][\/vc_row][vc_row css_animation=&#8221;&#8221; row_type=&#8221;row&#8221; use_row_as_full_screen_section=&#8221;no&#8221; type=&#8221;grid&#8221; anchor=&#8221;prof-dr-livio-jakomin&#8221; angled_section=&#8221;no&#8221; text_align=&#8221;left&#8221; background_image_as_pattern=&#8221;without_pattern&#8221; padding_top=&#8221;60&#8243; padding_bottom=&#8221;60&#8243; z_index=&#8221;&#8221;][vc_column][vc_row_inner row_type=&#8221;row&#8221; type=&#8221;full_width&#8221; text_align=&#8221;left&#8221; css_animation=&#8221;&#8221;][vc_column_inner width=&#8221;1\/3&#8243;][vc_single_image image=&#8221;16722&#8243; img_size=&#8221;200&#215;200&#8243; alignment=&#8221;center&#8221; style=&#8221;vc_box_circle_2&#8243; qode_css_animation=&#8221;&#8221;][vc_separator type=&#8221;transparent&#8221; up=&#8221;40&#8243; down=&#8221;0&#8243;][\/vc_column_inner][vc_column_inner width=&#8221;2\/3&#8243;][vc_column_text]<\/p>\n<h3 class=\"p1\"><span class=\"s1\"><b>prof. dr. Livio Jakomin<\/b><\/span><\/h3>\n<p class=\"p1\"><strong>marittimo, professore, politico e diplomatico<\/strong><\/p>\n<p>&nbsp;<\/p>\n<p class=\"p1\"><span class=\"s1\">Il Comune di Pirano \u00e8 da decenni una delle destinazioni turistiche pi\u00f9 sviluppate e popolari della Slovenia. Per mantenere questo primato anche in futuro, deve compiere un nuovo passo avanti nel campo del turismo, dei trasporti e delle infrastrutture comunali, valorizzare le attivit\u00e0 marittime e costiere e sviluppare le potenzialit\u00e0 dell\u2019entroterra. Per questi compiti, il Comune di Pirano ha bisogno di un sindaco orientato allo sviluppo, che abbia una visione a lungo termine e che abbia dimostrato con il suo lavoro finora di essere un uomo d\u2019azione. Credo che la maggioranza dei residenti del Comune di Pirano abbia riconosciuto in Ga\u0161par Ga\u0161par MI\u0161i\u010d un uomo che unisce tutte queste qualit\u00e0 e che al secondo turno delle elezioni, lo voteranno per eleggerlo sindaco del Comune di Pirano.<\/span><\/p>\n<p>[\/vc_column_text][\/vc_column_inner][\/vc_row_inner][\/vc_column][\/vc_row][vc_row css_animation=&#8221;&#8221; row_type=&#8221;row&#8221; use_row_as_full_screen_section=&#8221;no&#8221; type=&#8221;grid&#8221; anchor=&#8221;dr-nikolaj-kinkela-dunja-kinkela&#8221; angled_section=&#8221;no&#8221; text_align=&#8221;left&#8221; background_image_as_pattern=&#8221;without_pattern&#8221; padding_top=&#8221;60&#8243; padding_bottom=&#8221;30&#8243; z_index=&#8221;&#8221;][vc_column][vc_row_inner row_type=&#8221;row&#8221; type=&#8221;full_width&#8221; text_align=&#8221;left&#8221; css_animation=&#8221;&#8221;][vc_column_inner width=&#8221;1\/3&#8243;][vc_single_image image=&#8221;16728&#8243; img_size=&#8221;200&#215;200&#8243; alignment=&#8221;center&#8221; style=&#8221;vc_box_circle_2&#8243; qode_css_animation=&#8221;&#8221;][vc_separator type=&#8221;transparent&#8221; up=&#8221;15&#8243; down=&#8221;0&#8243;][vc_single_image image=&#8221;16720&#8243; img_size=&#8221;200&#215;200&#8243; alignment=&#8221;center&#8221; style=&#8221;vc_box_circle_2&#8243; qode_css_animation=&#8221;&#8221;][vc_separator type=&#8221;transparent&#8221; up=&#8221;40&#8243; down=&#8221;0&#8243;][\/vc_column_inner][vc_column_inner width=&#8221;2\/3&#8243;][vc_column_text]<\/p>\n<h3 class=\"p1\"><span class=\"s1\"><b>dr. Nikolaj Kinkela<\/b><\/span><\/h3>\n<p class=\"p1\"><strong>chirurgo<\/strong><\/p>\n<p>&nbsp;<\/p>\n<h3 class=\"p1\"><span class=\"s1\"><b>Dunja Kinkela<\/b><\/span><\/h3>\n<p class=\"p1\"><strong>architetto<\/strong><\/p>\n<p>&nbsp;<\/p>\n<p class=\"p1\"><span class=\"s1\">Sosteniamo il candidato sindaco Ga\u0161par Ga\u0161par Mi\u0161i\u010d, poich\u00e9 crediamo in lui e cos\u00ec il nostro Comune \u201crespirer\u00e0 a pieni polmoni\u201d.<\/span><\/p>\n<p>[\/vc_column_text][\/vc_column_inner][\/vc_row_inner][\/vc_column][\/vc_row][vc_row css_animation=&#8221;&#8221; row_type=&#8221;row&#8221; use_row_as_full_screen_section=&#8221;no&#8221; type=&#8221;grid&#8221; anchor=&#8221;dusan-puh&#8221; angled_section=&#8221;no&#8221; text_align=&#8221;left&#8221; background_image_as_pattern=&#8221;without_pattern&#8221; padding_top=&#8221;60&#8243; padding_bottom=&#8221;60&#8243; z_index=&#8221;&#8221;][vc_column][vc_separator type=&#8221;normal&#8221; color=&#8221;#c1c1c1&#8243; thickness=&#8221;1&#8243; down=&#8221;80&#8243;][vc_column_text]<\/p>\n<h3 class=\"p1\"><span class=\"s1\"><b>Du\u0161an Puh<\/b><\/span><\/h3>\n<p class=\"p1\"><strong>olimpijec<\/strong><\/p>\n<p>[\/vc_column_text][vc_separator type=&#8221;transparent&#8221; up=&#8221;40&#8243; down=&#8221;0&#8243;][vc_video link=&#8221;https:\/\/youtube.com\/shorts\/Vi7F5y-0Pv4&#8243;][\/vc_column][\/vc_row][vc_row css_animation=&#8221;&#8221; row_type=&#8221;row&#8221; use_row_as_full_screen_section=&#8221;no&#8221; type=&#8221;grid&#8221; angled_section=&#8221;no&#8221; text_align=&#8221;left&#8221; background_image_as_pattern=&#8221;without_pattern&#8221; padding_top=&#8221;30&#8243; padding_bottom=&#8221;60&#8243; z_index=&#8221;&#8221;][vc_column][vc_column_text]<\/p>\n<h3 class=\"p1\"><strong>Robert Fakin<\/strong><\/h3>\n<p class=\"p1\"><strong>dolgoletni direktor Agrarie Koper<\/strong><\/p>\n<p>[\/vc_column_text][vc_separator type=&#8221;transparent&#8221; up=&#8221;40&#8243; down=&#8221;0&#8243;][vc_video link=&#8221;https:\/\/youtu.be\/dohYZMCqFTM&#8221;][\/vc_column][\/vc_row][vc_row css_animation=&#8221;&#8221; row_type=&#8221;row&#8221; use_row_as_full_screen_section=&#8221;no&#8221; type=&#8221;grid&#8221; angled_section=&#8221;no&#8221; text_align=&#8221;left&#8221; background_image_as_pattern=&#8221;without_pattern&#8221; padding_top=&#8221;30&#8243; padding_bottom=&#8221;60&#8243; z_index=&#8221;&#8221;][vc_column][vc_column_text]<\/p>\n<h3 class=\"p1\"><strong>Natalija Planinc<\/strong><\/h3>\n<p class=\"p1\"><strong>dolgoletna predsednica dru\u0161tva Anbot Piran in prejemnica Zlatega grba Ob\u010dine Piran<\/strong><\/p>\n<p>[\/vc_column_text][vc_separator type=&#8221;transparent&#8221; up=&#8221;40&#8243; down=&#8221;0&#8243;][vc_video link=&#8221;https:\/\/youtu.be\/5wfU6lDWHh8&#8243;][\/vc_column][\/vc_row][vc_row css_animation=&#8221;&#8221; row_type=&#8221;row&#8221; use_row_as_full_screen_section=&#8221;no&#8221; type=&#8221;grid&#8221; angled_section=&#8221;no&#8221; text_align=&#8221;left&#8221; background_image_as_pattern=&#8221;without_pattern&#8221; padding_top=&#8221;30&#8243; padding_bottom=&#8221;60&#8243; z_index=&#8221;&#8221;][vc_column][vc_column_text]<\/p>\n<h3 class=\"p1\"><strong>Darko Klemen<\/strong><\/h3>\n<p class=\"p1\"><strong>MasterChef Slovenije 2016<\/strong><\/p>\n<p>[\/vc_column_text][vc_separator type=&#8221;transparent&#8221; up=&#8221;40&#8243; down=&#8221;0&#8243;][vc_video link=&#8221;https:\/\/youtube.com\/shorts\/oXSXwCaczps&#8221;][\/vc_column][\/vc_row][vc_row css_animation=&#8221;&#8221; row_type=&#8221;row&#8221; use_row_as_full_screen_section=&#8221;no&#8221; type=&#8221;grid&#8221; angled_section=&#8221;no&#8221; text_align=&#8221;left&#8221; background_image_as_pattern=&#8221;without_pattern&#8221; padding_top=&#8221;30&#8243; padding_bottom=&#8221;60&#8243; z_index=&#8221;&#8221;][vc_column][vc_column_text]<\/p>\n<h3 class=\"p1\"><strong>Matja\u017e Jav\u0161nik<\/strong><\/h3>\n<p class=\"p1\"><strong>slovenski igralec<\/strong><\/p>\n<p>[\/vc_column_text][vc_separator type=&#8221;transparent&#8221; up=&#8221;40&#8243; down=&#8221;0&#8243;][vc_video link=&#8221;https:\/\/youtu.be\/rjuPlOWUrWA&#8221;][\/vc_column][\/vc_row][vc_row css_animation=&#8221;&#8221; row_type=&#8221;row&#8221; use_row_as_full_screen_section=&#8221;no&#8221; type=&#8221;grid&#8221; angled_section=&#8221;no&#8221; text_align=&#8221;left&#8221; background_image_as_pattern=&#8221;without_pattern&#8221; padding_top=&#8221;30&#8243; padding_bottom=&#8221;60&#8243; z_index=&#8221;&#8221;][vc_column][vc_column_text]<\/p>\n<h3 class=\"p1\"><strong>Marjana Lenassi<\/strong><\/h3>\n<p class=\"p1\"><strong>dolgoletna ravnateljica Mestne knji\u017enice Piran<\/strong><\/p>\n<p>[\/vc_column_text][vc_separator type=&#8221;transparent&#8221; up=&#8221;40&#8243; down=&#8221;0&#8243;][vc_video link=&#8221;https:\/\/youtu.be\/ZeMHYJGCTS8&#8243;][\/vc_column][\/vc_row][vc_row css_animation=&#8221;&#8221; row_type=&#8221;row&#8221; use_row_as_full_screen_section=&#8221;no&#8221; type=&#8221;grid&#8221; angled_section=&#8221;no&#8221; text_align=&#8221;left&#8221; background_image_as_pattern=&#8221;without_pattern&#8221; padding_top=&#8221;30&#8243; padding_bottom=&#8221;60&#8243; z_index=&#8221;&#8221;][vc_column][vc_column_text]<\/p>\n<h3 class=\"p1\"><strong>Jelka Pe\u010dar<\/strong><\/h3>\n<p class=\"p1\"><strong>nekdanja direktorica Obalnih galerij in ravnateljica O\u0160 Lucija<\/strong><\/p>\n<p>[\/vc_column_text][vc_separator type=&#8221;transparent&#8221; up=&#8221;40&#8243; down=&#8221;0&#8243;][vc_video link=&#8221;https:\/\/youtube.com\/shorts\/H2mcfVpySeg&#8221;][\/vc_column][\/vc_row][vc_row css_animation=&#8221;&#8221; row_type=&#8221;row&#8221; use_row_as_full_screen_section=&#8221;no&#8221; type=&#8221;grid&#8221; angled_section=&#8221;no&#8221; text_align=&#8221;left&#8221; background_image_as_pattern=&#8221;without_pattern&#8221; padding_top=&#8221;30&#8243; padding_bottom=&#8221;60&#8243; z_index=&#8221;&#8221;][vc_column][vc_column_text]<\/p>\n<h3 class=\"p1\"><strong>Anton Kump<\/strong><\/h3>\n<p class=\"p1\"><strong>upokojeni arhitekt<\/strong><\/p>\n<p>[\/vc_column_text][vc_separator type=&#8221;transparent&#8221; up=&#8221;40&#8243; down=&#8221;0&#8243;][vc_video link=&#8221;https:\/\/youtu.be\/lsC0wR8WH1U&#8221;][\/vc_column][\/vc_row][vc_row css_animation=&#8221;&#8221; row_type=&#8221;row&#8221; use_row_as_full_screen_section=&#8221;no&#8221; type=&#8221;grid&#8221; angled_section=&#8221;no&#8221; text_align=&#8221;left&#8221; background_image_as_pattern=&#8221;without_pattern&#8221; padding_top=&#8221;30&#8243; padding_bottom=&#8221;60&#8243; z_index=&#8221;&#8221;][vc_column][vc_column_text]<\/p>\n<h3 class=\"p1\"><strong>Sandra Martin\u010di\u0107 Loboda<\/strong><\/h3>\n<p class=\"p1\"><strong>vodja enote za ravnanje z odpadki in urejanje javnih povr\u0161in v JP Okolje Piran<\/strong><\/p>\n<p>[\/vc_column_text][vc_separator type=&#8221;transparent&#8221; up=&#8221;40&#8243; down=&#8221;0&#8243;][vc_video link=&#8221;https:\/\/youtube.com\/shorts\/Ayyh0TD5lNE&#8221;][\/vc_column][\/vc_row][vc_row css_animation=&#8221;&#8221; row_type=&#8221;row&#8221; use_row_as_full_screen_section=&#8221;no&#8221; type=&#8221;grid&#8221; angled_section=&#8221;no&#8221; text_align=&#8221;left&#8221; background_image_as_pattern=&#8221;without_pattern&#8221; padding_top=&#8221;30&#8243; padding_bottom=&#8221;60&#8243; z_index=&#8221;&#8221;][vc_column][vc_column_text]<\/p>\n<h3 class=\"p1\"><strong>Slavko Ivan\u010di\u010d<\/strong><\/h3>\n<p class=\"p1\"><strong>pevec, pianist in glasbeni pedagog<\/strong><\/p>\n<p>[\/vc_column_text][vc_separator type=&#8221;transparent&#8221; up=&#8221;40&#8243; down=&#8221;0&#8243;][vc_video link=&#8221;https:\/\/youtu.be\/wqUF6n9As5M&#8221;][\/vc_column][\/vc_row][vc_row css_animation=&#8221;&#8221; row_type=&#8221;row&#8221; use_row_as_full_screen_section=&#8221;no&#8221; type=&#8221;grid&#8221; angled_section=&#8221;no&#8221; text_align=&#8221;left&#8221; background_image_as_pattern=&#8221;without_pattern&#8221; padding_top=&#8221;30&#8243; padding_bottom=&#8221;60&#8243; z_index=&#8221;&#8221;][vc_column][vc_column_text]<\/p>\n<h3 class=\"p1\"><strong>Branko Fuks<\/strong><\/h3>\n<p class=\"p1\"><strong>upokojenec<\/strong><\/p>\n<p>[\/vc_column_text][vc_separator type=&#8221;transparent&#8221; up=&#8221;40&#8243; down=&#8221;0&#8243;][vc_video link=&#8221;https:\/\/youtube.com\/shorts\/8rcykuiOoyw&#8221;][\/vc_column][\/vc_row][vc_row css_animation=&#8221;&#8221; row_type=&#8221;row&#8221; use_row_as_full_screen_section=&#8221;no&#8221; type=&#8221;grid&#8221; angled_section=&#8221;no&#8221; text_align=&#8221;left&#8221; background_image_as_pattern=&#8221;without_pattern&#8221; padding_top=&#8221;30&#8243; padding_bottom=&#8221;60&#8243; z_index=&#8221;&#8221;][vc_column][vc_column_text]<\/p>\n<h3 class=\"p1\"><strong>Ondina Luso<\/strong><\/h3>\n<p class=\"p1\"><strong>aktivna upokojenka in pripadnica italijanske skupnosti Piran<\/strong><\/p>\n<p>[\/vc_column_text][vc_separator type=&#8221;transparent&#8221; up=&#8221;40&#8243; down=&#8221;0&#8243;][vc_video link=&#8221;https:\/\/youtu.be\/hSyisVFtNMM&#8221;][\/vc_column][\/vc_row][vc_row css_animation=&#8221;&#8221; row_type=&#8221;row&#8221; use_row_as_full_screen_section=&#8221;no&#8221; type=&#8221;grid&#8221; angled_section=&#8221;no&#8221; text_align=&#8221;left&#8221; background_image_as_pattern=&#8221;without_pattern&#8221; padding_top=&#8221;30&#8243; padding_bottom=&#8221;60&#8243; z_index=&#8221;&#8221;][vc_column][vc_column_text]<\/p>\n<h3 class=\"p1\"><strong>Marko \u0160tibilj<\/strong><\/h3>\n<p class=\"p1\"><strong>pristani\u0161ki delavec<\/strong><\/p>\n<p>[\/vc_column_text][vc_separator type=&#8221;transparent&#8221; up=&#8221;40&#8243; down=&#8221;0&#8243;][vc_video link=&#8221;https:\/\/youtube.com\/shorts\/03aMtLdB2aU&#8221;][\/vc_column][\/vc_row][vc_row css_animation=&#8221;&#8221; row_type=&#8221;row&#8221; use_row_as_full_screen_section=&#8221;no&#8221; type=&#8221;grid&#8221; angled_section=&#8221;no&#8221; text_align=&#8221;left&#8221; background_image_as_pattern=&#8221;without_pattern&#8221; padding_top=&#8221;30&#8243; padding_bottom=&#8221;60&#8243; z_index=&#8221;&#8221;][vc_column][vc_column_text]<\/p>\n<h3 class=\"p1\"><strong>Sanja Ili\u0107 Dori\u0107<\/strong><\/h3>\n<p class=\"p1\"><strong>organizatorka dogodkov<\/strong><\/p>\n<p>[\/vc_column_text][vc_separator type=&#8221;transparent&#8221; up=&#8221;40&#8243; down=&#8221;0&#8243;][vc_video link=&#8221;https:\/\/youtu.be\/8G4ex_AJ_S8&#8243;][\/vc_column][\/vc_row][vc_row css_animation=&#8221;&#8221; row_type=&#8221;row&#8221; use_row_as_full_screen_section=&#8221;no&#8221; type=&#8221;grid&#8221; angled_section=&#8221;no&#8221; text_align=&#8221;left&#8221; background_image_as_pattern=&#8221;without_pattern&#8221; padding_top=&#8221;30&#8243; padding_bottom=&#8221;60&#8243; z_index=&#8221;&#8221;][vc_column][vc_column_text]<\/p>\n<h3 class=\"p1\"><strong>Zlatko Novogradec<\/strong><\/h3>\n<p class=\"p1\"><strong>predstavnik piranskih ribi\u010dev<\/strong><\/p>\n<p>[\/vc_column_text][vc_separator type=&#8221;transparent&#8221; up=&#8221;40&#8243; down=&#8221;0&#8243;][vc_video link=&#8221;https:\/\/youtube.com\/shorts\/10KTsoWQevI&#8221;][\/vc_column][\/vc_row][vc_row css_animation=&#8221;&#8221; row_type=&#8221;row&#8221; use_row_as_full_screen_section=&#8221;no&#8221; type=&#8221;grid&#8221; angled_section=&#8221;no&#8221; text_align=&#8221;left&#8221; background_image_as_pattern=&#8221;without_pattern&#8221; padding_top=&#8221;30&#8243; padding_bottom=&#8221;60&#8243; z_index=&#8221;&#8221;][vc_column][vc_column_text]<\/p>\n<h3 class=\"p1\">Mario Druscovich<\/h3>\n<p class=\"p1\"><strong>Ribi\u0161ko dru\u0161tvo Oradela<\/strong><\/p>\n<p>[\/vc_column_text][vc_separator type=&#8221;transparent&#8221; up=&#8221;40&#8243; down=&#8221;0&#8243;][vc_video link=&#8221;https:\/\/youtu.be\/xT8-EZUC2dU&#8221;][\/vc_column][\/vc_row][vc_row css_animation=&#8221;&#8221; row_type=&#8221;row&#8221; use_row_as_full_screen_section=&#8221;no&#8221; type=&#8221;grid&#8221; anchor=&#8221;gorazd-britovsek&#8221; angled_section=&#8221;no&#8221; text_align=&#8221;left&#8221; background_image_as_pattern=&#8221;without_pattern&#8221; padding_top=&#8221;30&#8243; padding_bottom=&#8221;60&#8243; z_index=&#8221;&#8221;][vc_column][vc_column_text]<\/p>\n<h3 class=\"p1\"><strong>Gorazd Britovs\u030cek<\/strong><\/h3>\n<p class=\"p1\"><strong>Caffe \u010cakola, Piran<\/strong><\/p>\n<p>[\/vc_column_text][vc_separator type=&#8221;transparent&#8221; up=&#8221;40&#8243; down=&#8221;0&#8243;][vc_video link=&#8221;https:\/\/youtube.com\/shorts\/3istTlHeq7w&#8221;][\/vc_column][\/vc_row][vc_row css_animation=&#8221;&#8221; row_type=&#8221;row&#8221; use_row_as_full_screen_section=&#8221;no&#8221; type=&#8221;grid&#8221; angled_section=&#8221;no&#8221; text_align=&#8221;left&#8221; background_image_as_pattern=&#8221;without_pattern&#8221; padding_top=&#8221;30&#8243; padding_bottom=&#8221;60&#8243; z_index=&#8221;&#8221;][vc_column][vc_column_text]<\/p>\n<h3 class=\"p1\"><strong>Martin Kqira<\/strong><\/h3>\n<p class=\"p1\"><strong>\u0161tudent evropske pravne fakultete in vodja restavracije Porta Marciana<\/strong><\/p>\n<p>[\/vc_column_text][vc_separator type=&#8221;transparent&#8221; up=&#8221;40&#8243; down=&#8221;0&#8243;][vc_video link=&#8221;https:\/\/youtu.be\/UcutXiYVivQ&#8221;][\/vc_column][\/vc_row][vc_row css_animation=&#8221;&#8221; row_type=&#8221;row&#8221; use_row_as_full_screen_section=&#8221;no&#8221; type=&#8221;grid&#8221; angled_section=&#8221;no&#8221; text_align=&#8221;left&#8221; background_image_as_pattern=&#8221;without_pattern&#8221; padding_top=&#8221;30&#8243; padding_bottom=&#8221;60&#8243; z_index=&#8221;&#8221;][vc_column][vc_column_text]<\/p>\n<h3 class=\"p1\"><strong>Niki Boroja<\/strong><\/h3>\n<p class=\"p1\"><strong>profesionalni \u0161portni delavec in \u0161tudent ekonomije<\/strong><\/p>\n<p>[\/vc_column_text][vc_separator type=&#8221;transparent&#8221; up=&#8221;40&#8243; down=&#8221;0&#8243;][vc_video link=&#8221;https:\/\/youtu.be\/q92qV3bRdVA&#8221;][\/vc_column][\/vc_row][vc_row css_animation=&#8221;&#8221; row_type=&#8221;row&#8221; use_row_as_full_screen_section=&#8221;no&#8221; type=&#8221;grid&#8221; angled_section=&#8221;no&#8221; text_align=&#8221;left&#8221; background_image_as_pattern=&#8221;without_pattern&#8221; padding_top=&#8221;30&#8243; padding_bottom=&#8221;60&#8243; z_index=&#8221;&#8221;][vc_column][vc_column_text]<\/p>\n<h3 class=\"p1\"><strong>\u010crt Banko<\/strong><\/h3>\n<p class=\"p1\"><strong>dipl. ekonomist, samozaposlen v gostinstvu in turizmu, <\/strong><strong>zmagovalec Bara 2015<\/strong><\/p>\n<p>[\/vc_column_text][vc_separator type=&#8221;transparent&#8221; up=&#8221;40&#8243; down=&#8221;0&#8243;][vc_video link=&#8221;https:\/\/youtu.be\/nJqkK1oKoTc&#8221;][\/vc_column][\/vc_row][vc_row css_animation=&#8221;&#8221; row_type=&#8221;row&#8221; use_row_as_full_screen_section=&#8221;no&#8221; type=&#8221;grid&#8221; angled_section=&#8221;no&#8221; text_align=&#8221;left&#8221; background_image_as_pattern=&#8221;without_pattern&#8221; padding_top=&#8221;30&#8243; padding_bottom=&#8221;60&#8243; z_index=&#8221;&#8221;][vc_column][vc_column_text]<\/p>\n<h3 class=\"p1\"><strong>Dragan Soji\u010d<\/strong><\/h3>\n<p class=\"p1\"><b>Kanela bar<\/b><\/p>\n<p>[\/vc_column_text][vc_separator type=&#8221;transparent&#8221; up=&#8221;40&#8243; down=&#8221;0&#8243;][vc_video link=&#8221;https:\/\/youtu.be\/nIMZwJwK7mY&#8221;][\/vc_column][\/vc_row][vc_row css_animation=&#8221;&#8221; row_type=&#8221;row&#8221; use_row_as_full_screen_section=&#8221;no&#8221; type=&#8221;grid&#8221; angled_section=&#8221;no&#8221; text_align=&#8221;left&#8221; background_image_as_pattern=&#8221;without_pattern&#8221; padding_top=&#8221;30&#8243; padding_bottom=&#8221;60&#8243; z_index=&#8221;&#8221;][vc_column][vc_column_text]<\/p>\n<h3 class=\"p1\"><strong>Lidija Radojkovi\u010d<\/strong><\/h3>\n<p class=\"p1\"><b>gostinka<\/b><\/p>\n<p>[\/vc_column_text][vc_separator type=&#8221;transparent&#8221; up=&#8221;40&#8243; down=&#8221;0&#8243;][vc_video link=&#8221;https:\/\/youtu.be\/xIs2jD7KZ5c&#8221;][\/vc_column][\/vc_row][vc_row css_animation=&#8221;&#8221; row_type=&#8221;row&#8221; use_row_as_full_screen_section=&#8221;no&#8221; type=&#8221;grid&#8221; angled_section=&#8221;no&#8221; text_align=&#8221;left&#8221; background_image_as_pattern=&#8221;without_pattern&#8221; padding_top=&#8221;30&#8243; padding_bottom=&#8221;60&#8243; z_index=&#8221;&#8221;][vc_column][vc_column_text]<\/p>\n<h3 class=\"p1\"><strong>Matja\u017e Zakraj\u0161ek<\/strong><\/h3>\n<p class=\"p1\"><strong>gostinec in predsednik BK Antena<\/strong><\/p>\n<p>[\/vc_column_text][vc_separator type=&#8221;transparent&#8221; up=&#8221;40&#8243; down=&#8221;0&#8243;][vc_video link=&#8221;https:\/\/youtu.be\/KfvrINs35gU&#8221;][\/vc_column][\/vc_row][vc_row css_animation=&#8221;&#8221; row_type=&#8221;row&#8221; use_row_as_full_screen_section=&#8221;no&#8221; type=&#8221;grid&#8221; angled_section=&#8221;no&#8221; text_align=&#8221;left&#8221; background_image_as_pattern=&#8221;without_pattern&#8221; padding_top=&#8221;30&#8243; padding_bottom=&#8221;60&#8243; z_index=&#8221;&#8221;][vc_column][vc_column_text]<\/p>\n<h3 class=\"p1\"><strong>Ton\u010dka Sen\u010dar<\/strong><\/h3>\n<p class=\"p1\"><strong>upokojena u\u010diteljica<\/strong><\/p>\n<p>[\/vc_column_text][vc_separator type=&#8221;transparent&#8221; up=&#8221;40&#8243; down=&#8221;0&#8243;][vc_video link=&#8221;https:\/\/youtu.be\/b249rR9xxSY&#8221;][\/vc_column][\/vc_row]<\/p>\n<\/section>","protected":false},"excerpt":{"rendered":"<p>[vc_row css_animation=&#8221;&#8221; row_type=&#8221;row&#8221; use_row_as_full_screen_section=&#8221;no&#8221; type=&#8221;grid&#8221; anchor=&#8221;kandidati-za-obcinski-svet&#8221; angled_section=&#8221;no&#8221; text_align=&#8221;center&#8221; background_image_as_pattern=&#8221;without_pattern&#8221; background_color=&#8221;#ffffff&#8221; padding_top=&#8221;50&#8243; z_index=&#8221;&#8221;][vc_column css=&#8221;.vc_custom_1666135886862{padding-top: 0px !important;}&#8221;][vc_row_inner row_type=&#8221;row&#8221; type=&#8221;grid&#8221; text_align=&#8221;left&#8221; css_animation=&#8221;&#8221;][vc_column_inner][vc_column_text] I nostri sostenitori [\/vc_column_text][vc_separator type=&#8221;small&#8221; position=&#8221;center&#8221; up=&#8221;20&#8243; down=&#8221;50&#8243;][\/vc_column_inner][\/vc_row_inner][\/vc_column][\/vc_row][vc_row css_animation=&#8221;&#8221; row_type=&#8221;row&#8221; use_row_as_full_screen_section=&#8221;no&#8221; type=&#8221;grid&#8221; anchor=&#8221;prof-dr-metka-zorc&#8221; angled_section=&#8221;no&#8221; text_align=&#8221;left&#8221; background_image_as_pattern=&#8221;without_pattern&#8221; padding_top=&#8221;60&#8243; padding_bottom=&#8221;60&#8243; z_index=&#8221;&#8221;][vc_column][vc_row_inner row_type=&#8221;row&#8221; type=&#8221;full_width&#8221; text_align=&#8221;left&#8221; css_animation=&#8221;&#8221;][vc_column_inner width=&#8221;1\/3&#8243;][vc_single_image image=&#8221;16726&#8243; img_size=&#8221;200&#215;200&#8243;<\/p>\n","protected":false},"author":1,"featured_media":0,"parent":0,"menu_order":0,"comment_status":"open","ping_status":"closed","template":"full_width.php","meta":{"_monsterinsights_skip_tracking":false,"_monsterinsights_sitenote_active":false,"_monsterinsights_sitenote_note":"","_monsterinsights_sitenote_category":0},"_links":{"self":[{"href":"https:\/\/www.ggminmi.si\/it\/wp-json\/wp\/v2\/pages\/16719"}],"collection":[{"href":"https:\/\/www.ggminmi.si\/it\/wp-json\/wp\/v2\/pages"}],"about":[{"href":"https:\/\/www.ggminmi.si\/it\/wp-json\/wp\/v2\/types\/page"}],"author":[{"embeddable":true,"href":"https:\/\/www.ggminmi.si\/it\/wp-json\/wp\/v2\/users\/1"}],"replies":[{"embeddable":true,"href":"https:\/\/www.ggminmi.si\/it\/wp-json\/wp\/v2\/comments?post=16719"}],"version-history":[{"count":9,"href":"https:\/\/www.ggminmi.si\/it\/wp-json\/wp\/v2\/pages\/16719\/revisions"}],"predecessor-version":[{"id":16822,"href":"https:\/\/www.ggminmi.si\/it\/wp-json\/wp\/v2\/pages\/16719\/revisions\/16822"}],"wp:attachment":[{"href":"https:\/\/www.ggminmi.si\/it\/wp-json\/wp\/v2\/media?parent=16719"}],"curies":[{"name":"wp","href":"https:\/\/api.w.org\/{rel}","templated":true}]}}