{"id":16476,"date":"2022-11-03T10:47:18","date_gmt":"2022-11-03T09:47:18","guid":{"rendered":"https:\/\/www.ggminmi.si\/?page_id=16476"},"modified":"2022-11-05T10:16:03","modified_gmt":"2022-11-05T09:16:03","slug":"programma","status":"publish","type":"page","link":"https:\/\/www.ggminmi.si\/it\/programma\/","title":{"rendered":"Programma"},"content":{"rendered":"<section class=\"wpb-content-wrapper\"><p>[vc_row css_animation=&#8221;&#8221; row_type=&#8221;row&#8221; use_row_as_full_screen_section=&#8221;no&#8221; type=&#8221;grid&#8221; anchor=&#8221;kandidat-za-zupana&#8221; angled_section=&#8221;no&#8221; text_align=&#8221;center&#8221; background_image_as_pattern=&#8221;without_pattern&#8221; background_color=&#8221;#ffffff&#8221; padding_top=&#8221;50&#8243; padding_bottom=&#8221;50&#8243; z_index=&#8221;&#8221;][vc_column css=&#8221;.vc_custom_1532339789603{padding-top: 0px !important;}&#8221;][vc_column_text]<\/p>\n<h1><strong>Pi\u00f9 ampio \u00e8 l&#8217;orizzonte che abbiamo, pi\u00f9 vedremo oltre. Pi\u00f9 lontano vediamo, pi\u00f9 lontano arriveremo.<\/strong><\/h1>\n<p>[\/vc_column_text][vc_separator type=&#8221;small&#8221; position=&#8221;center&#8221; up=&#8221;20&#8243; down=&#8221;40&#8243;][vc_single_image image=&#8221;16477&#8243; img_size=&#8221;full&#8221; alignment=&#8221;center&#8221; qode_css_animation=&#8221;&#8221;][vc_separator type=&#8221;transparent&#8221; up=&#8221;40&#8243; down=&#8221;0&#8243;][vc_column_text]<\/p>\n<p style=\"text-align: left;\"><strong>Mi candido perch\u00e9 so, posso e voglio usare la mia conoscenza ed esperienza per aiutare la nostra comunit\u00e0 in ritardo di sviluppo a eliminare le anomalie urbane e costruire le infrastrutture pubbliche sociali ed economiche mancanti. Affronto la campagna elettorale con la consapevolezza che il nostro Comune ha un enorme potenziale di sviluppo, che aspetta da decenni una squadra efficiente che sar\u00e0 in grado di attuare le promesse elettorali.<\/strong><\/p>\n<p>[\/vc_column_text][vc_separator type=&#8221;transparent&#8221; up=&#8221;40&#8243; down=&#8221;0&#8243;][vc_row_inner row_type=&#8221;row&#8221; type=&#8221;grid&#8221; text_align=&#8221;left&#8221; css_animation=&#8221;&#8221;][vc_column_inner][vc_column_text]La qualit\u00e0 della vita nel Comune di Pirano ha gi\u00e0 iniziato a peggiorare significativamente, <strong>i problemi si accumulano e non vengono risolti<\/strong>. Tutto questo \u00e8 il risultato di una gestione inefficace.<\/p>\n<p>&nbsp;<\/p>\n<ul>\n<li>Si \u00e8 aspettato decenni per <strong>risolvere il vergognoso degrado ambientale del canale di San Bartolomeo<\/strong> \u2013 oggi iniziamo con la riqualificazione e la costruzione di una passerella di legno.<\/li>\n<li>Si \u00e8 aspettato decenni il<strong> risanamento finanziario dell\u2019Azienda pubblica Okolje Pirano<\/strong> \u2013 oggi l\u2019azienda \u00e8 risanata con successo, in salute e vanta un alto rating di eccellenza.<\/li>\n<li>Si \u00e8 aspettato decenni alla<strong> soluzione del problema dei veicoli in sosta a Pirano, Portorose, Lucia<\/strong>, in definitiva in tutto il Comune, e si aspetta ancora.<\/li>\n<li>Si \u00e8 aspettato per un <strong>investitore per la realizzazione dell\u2019autosilo Valeta<\/strong> con 500 stalli di sosta, dopo il PRPC approvato nel 2012, e si aspetta ancora.<\/li>\n<li>Si \u00e8 aspettato decenni alla <strong>realizzazione e approvazione del piano regolatore <\/strong>generale<strong> comunale<\/strong> (PRG) e si aspetta ancora.<\/li>\n<li>Si \u00e8 aspettato decenni la <strong>costruzione della strada a scorrimento veloce Jagodje-Lucia<\/strong> e si aspetta ancora. Sono in corso i lavori per ottimizzare questa strada a scorrimento veloce da quattro corsie a due corsie e per abolire la strada di transito che divide grosso modo in due Lucia, dove verrebbe realizzato un autosilo interrato al posto della strada e sopra sistemato un parco centrale.<\/li>\n<li>Si \u00e8 aspettato decenni la <strong>soluzione della protezione dalle inondazioni di Pirano<\/strong>. Il problema \u00e8 stato affrontato nel modo sbagliato e si aspetta ancora.<\/li>\n<li>Si \u00e8 aspettato decenni la <strong>costruzione di appartamenti per le giovani famiglie <\/strong>e si aspetta ancora.<\/li>\n<li>Si \u00e8 aspettato decenni la <strong>sistemazione della nuova zona commerciale-artigianale di Dragogna<\/strong> e si aspetta ancora.<\/li>\n<li>Si \u00e8 aspettato per la <strong>costruzione del nuovo cimitero<\/strong> e si aspetta ancora.<\/li>\n<li>Si \u00e8 aspettato per la <strong>sistemazione completa di Fornace con contenuti urbanistici<\/strong> e si aspetta ancora.<\/li>\n<li>Si \u00e8 aspettato per la <strong>sistemazione del centro di Portorose ovv. la continuazione della realizzazione della passeggiata con un collegamento ciclabile e pedonale sicuro da Pirano fino all\u2019entroterra<\/strong> e si aspetta ancora.<\/li>\n<li>Si \u00e8 aspettato per l\u2019<strong>eliminazione dei vizi e carenze dopo i lavori di risanamento della Scuola elementare Ciril Kosma\u010d<\/strong> e si aspetta ancora.<\/li>\n<li>Si \u00e8 aspettato per la <strong>nuova scuola dell\u2019infanzia a Lucia<\/strong> e si aspetta ancora.<\/li>\n<li>Si \u00e8 aspettato per il <strong>promesso bilancio partecipativo<\/strong> e si aspetta ancora.<\/li>\n<li>Si \u00e8 aspettato per la <strong>costruzione di un sistema fognario moderno<\/strong> e si aspetta ancora.<\/li>\n<li>Si \u00e8 aspettato per la <strong>sistemazione di Fiesso<\/strong> e si aspetta ancora.<\/li>\n<li>Si \u00e8 aspettato decenni la costruzione della tangenziale nord a Sicciole e si aspetta ancora.<\/li>\n<li>Si \u00e8 aspettato per i <strong>progetti di sfruttamento dei finanziamenti a fondo perduto <\/strong>e si aspetta ancora.<\/li>\n<li>La destinazione <strong>Portorose \u00e8 in stallo gi\u00e0 da decenni e sta svanendo dalla mappa geografica del mondo<\/strong>. Aspetteremo che svanisca completamente?<\/li>\n<li>Si \u00e8 aspettato, che <strong>i sindaci eletti con le proprie squadre mantenessero le promesse e i programmi elettorali.<\/strong> E si aspetta ancora.<\/li>\n<\/ul>\n<p>&nbsp;<\/p>\n<p>Ci sono stati anche diversi progetti falliti e occasioni perse per attingere dai finanziamenti europei a fondo perduto:<\/p>\n<p>&#8211; <strong>Progetto Capitale Europea della Cultura (CEC)<\/strong><\/p>\n<p>&#8211; <strong>Porto peschereccio di Sezza<\/strong><\/p>\n<p>&#8211; <strong>Albergo diffuso a Padna<\/strong><\/p>\n<p>&nbsp;<\/p>\n<p>Una scusa molto comoda per l&#8217;inefficienza era la mancanza di risorse finanziarie, mentre allo stesso tempo i fondi venivano spesi per progetti mancati. In passato erano disponibili diverse risorse finanziarie che non sono state completamente utilizzate. <strong>Ecco perch\u00e9 noi mettiamo l&#8217;efficienza al primo posto.<\/strong><\/p>\n<p><strong>\u00a0<\/strong><\/p>\n<p>Con queste elezioni abbiamo l&#8217;opportunit\u00e0 di eleggere sindaco un uomo che si \u00e8 gi\u00e0 dimostrato in passato con i suoi risultati. Come persona creativa e come imprenditore, faccio fatica a capire, perch\u00e9 sia \u200b\u200bcos\u00ec difficile accettare qualcosa che presenti solo qualche segno di sviluppo. La domanda che dobbiamo porci in queste elezioni, \u00e8 per quanto tempo noi cittadini continueremo a sopportare il ristagno, che \u00e8 il risultato di una gestione inefficiente del Comune. Non affermiamo che i precedenti gestori del Comune non abbiano messo impegno, ma dobbiamo ammettere che non hanno trovato le giuste soluzioni. <strong>Il fatto \u00e8 che non ci sono i risultati desiderati!<\/strong><\/p>\n<p>&nbsp;<\/p>\n<p>&nbsp;<\/p>\n<p>Il verbo all\u2019imperfetto &#8220;volere&#8221; non \u00e8 sufficiente per una comunit\u00e0 efficace. Ecco perch\u00e9 <strong>esperienza, competenza e diligenza<\/strong> contano in ogni pianificazione e azione. Le nostre azioni parlano pi\u00f9 forte di noi, che un vocabolario accuratamente selezionato di parole che usiamo per trasferire responsabilit\u00e0 sugli altri, giustificare inefficienza e opportunit\u00e0 sprecate. Quindi cerchiamo di essere produttivi con le azioni, piuttosto che con le parole. I programmi elettorali e le promesse non servono a nulla se non sappiamo come metterli in pratica.<\/p>\n<p>&nbsp;<\/p>\n<p>Per essere veramente efficaci nell&#8217;adempiere ai nostri impegni elettorali, insieme ai rappresentanti eletti nel Consiglio comunale e nelle Comunit\u00e0 locali, <strong>determineremo prima le priorit\u00e0 di sviluppo<\/strong> e porteremo tutti i progetti prioritari <strong>fino ai permessi di costruire<\/strong>, che sono la condizione per presentare domanda ai bandi per ottenere le <strong>risorse finanziarie<\/strong>.<\/p>\n<p>&nbsp;<\/p>\n<p>La base della nostra operazione \u00e8 il rispetto e l&#8217;apertura <strong>alla cooperazione<\/strong> con tutti i cittadini, in particolare quelli che hanno trovato il coraggio e hanno deciso di candidarsi alle prossime elezioni.<\/p>\n<p>&nbsp;<\/p>\n<p>La nostra campagna elettorale si basa su <strong>contenuti concreti e positivi, che realizzeremo in modo produttivo dopo le elezioni con tutte le liste e partiti politici<\/strong> che si candidano alle elezioni amministrative di quest&#8217;anno.[\/vc_column_text][\/vc_column_inner][\/vc_row_inner][\/vc_column][\/vc_row][vc_row css_animation=&#8221;&#8221; row_type=&#8221;row&#8221; use_row_as_full_screen_section=&#8221;no&#8221; type=&#8221;grid&#8221; anchor=&#8221;kandidat-za-zupana&#8221; angled_section=&#8221;no&#8221; text_align=&#8221;center&#8221; background_image_as_pattern=&#8221;without_pattern&#8221; background_color=&#8221;#ffffff&#8221; padding_top=&#8221;30&#8243; padding_bottom=&#8221;50&#8243; z_index=&#8221;&#8221;][vc_column css=&#8221;.vc_custom_1532339789603{padding-top: 0px !important;}&#8221;][vc_column_text]<\/p>\n<h2 style=\"text-align: center;\"><strong>PROGRAMMA ELETTORALE<\/strong><\/h2>\n<h2 style=\"text-align: center;\"><strong>DEL CANDIDATO A SINDACO E DELLA LISTA \u201cGGM IN MI \u2013 GA\u0160PAR GA\u0160PAR MI\u0160I\u010c IN MI&#8221;<\/strong><\/h2>\n<p>[\/vc_column_text][vc_separator type=&#8221;small&#8221; position=&#8221;center&#8221; up=&#8221;20&#8243; down=&#8221;40&#8243;][vc_column_text]<\/p>\n<p style=\"text-align: left;\">Noi cittadini abbiamo interessi diversi, e di conseguenza anche esigenze diverse, ma l\u2019importante \u00e8 sapersi unire a riguardo degli <strong>interessi ed esigenze comuni<\/strong>. Invece di sprecare opportunit\u00e0, dobbiamo unirci sulle priorit\u00e0 di sviluppo, per un sano sviluppo della nostra comunit\u00e0. Solo <strong>obiettivi ponderati e ben impostati<\/strong> ci portano esattamente dove vogliamo andare.<\/p>\n<p>&nbsp;<\/p>\n<p style=\"text-align: left;\">Concentreremo i nostri sforzi nella <strong>cultura dell&#8217;abitare<\/strong>, nella creazione di <strong>condizioni di vita migliori<\/strong> e <strong>un&#8217;atmosfera positiva<\/strong> affinch\u00e9 Pirano diventi famoso come un Comune di persone soddisfatte e sane di tutte le generazioni.<\/p>\n<p>&nbsp;<\/p>\n<p style=\"text-align: left;\"><strong>Garantiremo l&#8217;attuazione di alta qualit\u00e0 dei servizi pubblici, l\u2019assistenza ai cittadini pi\u00f9 giovani, giovani e anziani, una politica abitativa pi\u00f9 efficace, migliori condizioni per l&#8217;istruzione, lo sviluppo economico, infrastrutture di trasporto di alta qualit\u00e0, e allo stesso tempo una maggior cura per la conservazione dell&#8217;ambiente.<\/strong><\/p>\n<p>&nbsp;<\/p>\n<p style=\"text-align: left;\">Il nostro programma comprende le seguenti misure concrete:<\/p>\n<p>[\/vc_column_text][vc_separator type=&#8221;transparent&#8221; up=&#8221;40&#8243; down=&#8221;0&#8243;][vc_row_inner row_type=&#8221;row&#8221; type=&#8221;grid&#8221; text_align=&#8221;left&#8221; css_animation=&#8221;&#8221;][vc_column_inner][vc_single_image image=&#8221;16481&#8243; img_size=&#8221;full&#8221; alignment=&#8221;center&#8221; qode_css_animation=&#8221;&#8221;][vc_separator type=&#8221;transparent&#8221; up=&#8221;40&#8243; down=&#8221;0&#8243;][vc_column_text]<\/p>\n<h3><strong>ECONOMIA E TURISMO<\/strong><\/h3>\n<p>&nbsp;<\/p>\n<h4><strong>Costruzione della zona commerciale-artigianale:<\/strong><\/h4>\n<p>con l&#8217;obiettivo di sviluppare l&#8217;artigianato e l&#8217;imprenditorialit\u00e0, attirare investitori e aprire nuovi posti di lavoro che non siano direttamente legati al turismo e non dipendano dal turismo stagionale, <strong>determineremo con l\u2019atto territoriale di base, il PRG, i luoghi per la costruzione di infrastrutture pubbliche sociali e di rilevanza economica nonch<\/strong><strong>\u00e9<\/strong><strong> zone commerciali-artigianali<\/strong> (accanto alla futura strada a scorrimento veloce Capodistria \u2013 Dragogna). A tal fine, proporremo l&#8217;eliminazione della condizione di pareggio di bilancio quando si cambia la destinazione d\u2019uso di terreni agricoli in terreni edificabili per la costruzione di una zona artigianale e di altre infrastrutture sociali ed economiche. Chiederemo il sostegno della Camera degli artigiani e degli imprenditori, della Camera di commercio del Litorale, della Camera di commercio della Slovenia, del Ministero dell&#8217;Economia e del Ministero dell&#8217;Agricoltura, in termini di ricerca di compromessi e sviluppo equilibrato dell&#8217;agricoltura e dell&#8217;economia.<\/p>\n<p>&nbsp;<\/p>\n<h4><strong>Assistenza agli artigiani e imprenditori: <\/strong><\/h4>\n<p><strong>seguiremo le esigenze di sviluppo e di spazio degli artigiani e imprenditori. <\/strong>Instaureremo una stretta collaborazione<strong> con la Camera regionale di artigianato e imprenditoria di Pirano <\/strong>e <strong>la Camera di commercio del Litorale<\/strong><strong>.<\/strong><\/p>\n<p>&nbsp;<\/p>\n<h4><strong>Nuovi posti di lavoro: <\/strong><\/h4>\n<p>creeremo <strong>condizioni pi\u00f9 favorevoli per attirare investitori ed economisti<\/strong> ad aprire stabilimenti di produzione nel Comune di Pirano, garantendo cos\u00ec, che i <strong>giovani abbiano l&#8217;opportunit\u00e0 di trovare lavoro e creare famiglia nel proprio luogo dopo aver completato gli studi e la formazione professionale. <\/strong><\/p>\n<p><strong>\u00a0<\/strong><\/p>\n<h4><strong>Sviluppo della destinazione turistica: <\/strong><\/h4>\n<p>l&#8217;immagine di Portorose non \u00e8 cambiata da decenni. Ci\u00f2 significa che le tendenze di sviluppo hanno aggirato Portorose. La localit\u00e0 di Portorose inizi\u00f2 a svilupparsi come destinazione turistica con la costruzione dell\u2019Hotel Palace nel 1910. Negli anni &#8217;70 segu\u00ec un secondo periodo di sviluppo con l&#8217;architetto Mihevc, e in questa fase di crescita siamo rimasti bloccati fino ad oggi. Ora abbiamo di fronte la sfida di decidere in quale direzione si svilupper\u00e0 il turismo secondo le tendenze globali. La mera promozione dell&#8217;offerta alberghiera sviluppa solo il settore alberghiero piuttosto che il turismo. Ecco perch\u00e9 la nostra strategia di sviluppo si basa <strong>sull\u2019integrazione e sulla costruzione di moderne infrastrutture turistiche<\/strong> e sul coinvolgimento di operatori e produttori locali nell&#8217;offerta turistica.<\/p>\n<p><strong>\u00a0<\/strong><\/p>\n<h4><strong>Destinazione Istria (Istria e Carso)<\/strong>:<\/h4>\n<p>siamo consapevoli che lo sviluppo futuro dell&#8217;Istria dipende dalla politica del nostro Comune, il pi\u00f9 grande comune turistico del Paese, che insieme agli altri comuni dovrebbe costituire una <strong>destinazione culturale, turistica, sportiva, logistica, sostenibile, economicamente forte e unitaria<\/strong>. L\u2019Istria dovrebbe essere una destinazione leader e i singoli comuni i suoi elementi costitutivi, con un&#8217;enfasi <strong>sull&#8217;integrazione dei prodotti turistici e delle infrastrutture turistiche intercomunali<\/strong>.<\/p>\n<p>&nbsp;<\/p>\n<p>Le organizzazioni turistiche dei comuni istriani hanno recentemente avviato una promozione congiunta informale del turismo &#8220;costiero&#8221; con il marchio &#8220;Love Istria&#8221;, ma solo sui social network, il che dovrebbe essere aggiornato con l\u2019istituzione e gestione di una politica di partenariato tra tutte le parti interessate nel turismo, con lo sviluppo e l&#8217;attuazione di una storia globale che rifletta e supporti il \u200b\u200bposizionamento della destinazione principale e la gestione efficace della stessa, compreso lo sviluppo e la gestione del marchio congiunto Istria-Slovenia.<\/p>\n<p>&nbsp;<\/p>\n<p>La Strategia di crescita sostenibile del turismo sloveno 2017-2021 e la Strategia del turismo sloveno 2022-2028 dividono la Slovenia in quattro macro destinazioni: Slovenia mediterranea e carsica, Slovenia alpina, Slovenia termale pannonica e Lubiana con la Slovenia centrale. Nella suddetta strategia, l&#8217;Istria slovena \u00e8 definita come un&#8217;area geografica pi\u00f9 ampia costituita dalle principali destinazioni Portorose-Pirano, Isola, Capodistria e Ancarano.<\/p>\n<p>&nbsp;<\/p>\n<p>La frammentazione delle principali destinazioni in singoli comuni, di conseguenza ha un minore impatto nello spazio globale, perci\u00f2 la visibilit\u00e0 di ciascuna principale destinazione deve essere costruita in una pi\u00f9 stretta connessione con la destinazione Istria ovv. Istria e Carso, che dovrebbe assumere il ruolo di destinazione. Le principali destinazioni definite nella strategia, in quanto suoi elementi costitutivi importanti, secondo la logica del marketing di destinazione, dovrebbero apparire insieme sul mercato globale.<\/p>\n<p>&nbsp;<\/p>\n<p>Lo sviluppo della destinazione omogenea dell&#8217;Istria e del Carso dipende dall&#8217;instaurazione di una migliore cooperazione intercomunale e dall&#8217;integrazione dei comuni istriani e carsici. Solo raggiungendo un consenso tra loro si pu\u00f2 pensare di creare una destinazione unitaria.<\/p>\n<p>&nbsp;<\/p>\n<h4><strong>Arricchimento dell\u2019offerta al di fuori della stagione turistica estiva:<\/strong><\/h4>\n<p>prepareremo un <strong>programma di eventi nel mese di novembre che promuover\u00e0 i coltivatori locali e i loro prodotti<\/strong>. A tal fine utilizzeremo Piazza Tartini, i magazzini del sale Monfort e Grando nonch\u00e9 le piazze dei paesi dell&#8217;entroterra. Anche a dicembre proseguir\u00e0 il variegato programma di intrattenimento con il quale ravviveremo il ritmo locale.<\/p>\n<p>&nbsp;<\/p>\n<h4><strong>Semplificare le procedure burocratiche per la locazione di terreni comunali e l\u2019utilizzo delle terrazze per la ristorazione: <\/strong><\/h4>\n<p>cambieremo l&#8217;attuale sistema di stipulazione dei contratti di locazione da tempo determinato a tempo indeterminato o per un determinato periodo di tempo, il che <strong>semplificher\u00e0 le procedure<\/strong> e far\u00e0 risparmiare tempo agli utenti e ai funzionari comunali, in quanto non sar\u00e0 pi\u00f9 necessario rinnovare i contratti di locazione ogni anno sia per la locazione di terreni comunali sia per <strong>l&#8217;utilizzo di aree pubbliche per l&#8217;allestimento di terrazze per la ristorazione<\/strong>.[\/vc_column_text][\/vc_column_inner][\/vc_row_inner][vc_row_inner row_type=&#8221;row&#8221; type=&#8221;grid&#8221; text_align=&#8221;left&#8221; css_animation=&#8221;&#8221;][vc_column_inner][vc_separator type=&#8221;transparent&#8221; up=&#8221;60&#8243; down=&#8221;0&#8243;][vc_single_image image=&#8221;16507&#8243; img_size=&#8221;full&#8221; alignment=&#8221;center&#8221; qode_css_animation=&#8221;&#8221;][vc_separator type=&#8221;transparent&#8221; up=&#8221;40&#8243; down=&#8221;0&#8243;][vc_column_text]<\/p>\n<h3><strong>FINANZE E BILANCIO<\/strong><\/h3>\n<p>&nbsp;<\/p>\n<h4><strong>Bilancio partecipativo: <\/strong><\/h4>\n<p>gi\u00e0 nel 2023 proporremo <strong>l&#8217;adozione di un bilancio partecipativo<\/strong>, in cui i cittadini <strong>decideranno insieme la distribuzione di una parte del bilancio<\/strong> destinato agli investimenti per migliorare la qualit\u00e0 della vita di tutti i cittadini.<\/p>\n<p>&nbsp;<\/p>\n<h4><strong>Finanziamento dei progetti e ottenimento di mezzi finanziari<\/strong><strong>: <\/strong><\/h4>\n<p>con l&#8217;obiettivo di attingere in modo pi\u00f9 efficiente le risorse finanziarie per le esigenze di realizzazione di infrastrutture pubbliche sociali ed economiche, <strong>otterremo i permessi di costruire per tutti i progetti prioritari<\/strong>, che sono la condizione per candidarsi alle gare per il cofinanziamento di progetti comunali.<\/p>\n<p>&nbsp;<\/p>\n<h4><strong>Unificare i procedimenti degli appalti pubblici: <\/strong><\/h4>\n<p>per tutte le istituzioni pubbliche, il cui fondatore \u00e8 il Comune, <strong>unificheremo i procedimenti con l&#8217;obiettivo di risparmiare<\/strong> fondi di bilancio pubblico e facilitare il lavoro delle istituzioni pubbliche.<\/p>\n<p>&nbsp;<\/p>\n<h4><strong>Tassa di soggiorno: <\/strong><\/h4>\n<p>assicureremo un uso mirato, pi\u00f9 equo ed efficace della tassa di soggiorno per le esigenze promozionali e di sviluppo.[\/vc_column_text][\/vc_column_inner][\/vc_row_inner][vc_row_inner row_type=&#8221;row&#8221; type=&#8221;grid&#8221; text_align=&#8221;left&#8221; css_animation=&#8221;&#8221;][vc_column_inner][vc_separator type=&#8221;transparent&#8221; up=&#8221;60&#8243; down=&#8221;0&#8243;][vc_single_image image=&#8221;16509&#8243; img_size=&#8221;full&#8221; alignment=&#8221;center&#8221; qode_css_animation=&#8221;&#8221;][vc_separator type=&#8221;transparent&#8221; up=&#8221;40&#8243; down=&#8221;0&#8243;][vc_column_text]<\/p>\n<h3><strong>AMBIENTE E TERRITORIO<\/strong><\/h3>\n<p>&nbsp;<\/p>\n<h4><strong>PRG \u2013 piano regolatore generale comunale: <\/strong><\/h4>\n<p>proseguiremo le procedure per l&#8217;adozione del Piano Regolatore Comunale (PRG) come atto territoriale di base del Comune. Il PRG \u00e8 una base importante per la pianificazione razionale e sostenibile di tutti gli interventi sul territorio del Comune e per garantire condizioni di qualit\u00e0 per la vita e il lavoro degli abitanti. \u00c8 un atto importante che copre i punti di partenza e gli obiettivi dello sviluppo territoriale del Comune, la pianificazione dell\u2019assetto territoriale di rilevanza locale e le condizioni di ubicazione degli edifici nel territorio. L&#8217;approvazione sar\u00e0 <strong>trasparente<\/strong> e vi parteciper\u00e0 tutta la gente del posto, poich\u00e9 noi che viviamo qui, sappiamo meglio quali sono le esigenze, cosa vogliamo e in che tipo di Comune vogliamo vivere. Riesamineremo e approfondiremo tutte le iniziative dei cittadini e, se possibile, ne terremo conto.<\/p>\n<p>Dedicheremo particolare attenzione ai contenuti che influiscono in modo significativo sull&#8217;<strong>innalzamento dello standard sociale<\/strong> e sul <strong>miglioramento del quadro demografico<\/strong> nel nostro Comune, dove l&#8217;indice di invecchiamento della popolazione \u00e8 uno dei pi\u00f9 alti del Paese.<\/p>\n<p><strong>Il Comune di Pirano non \u00e8 solo una meta turistica e del fine settimana<\/strong>. Siamo qui anche noi, i residenti, e abbiamo le stesse esigenze di vita e di sviluppo come gli altri comuni, dove hanno un&#8217;infrastruttura artigianale e commerciale sviluppata che consente lo sviluppo di attivit\u00e0 artigianali e imprenditoriali non direttamente legate al turismo e alla stagione turistica estiva. Pertanto, nel PRG, oltre a contenuti che eliminano la stagionalit\u00e0 del turismo, creeremo condizioni ambientali e territoriali per lo <strong>sviluppo economico<\/strong>. Con l&#8217;obiettivo di sviluppare l&#8217;artigianato e l&#8217;imprenditorialit\u00e0, acquisire investitori e aprire nuovi posti di lavoro che non siano direttamente legati al turismo e non dipendano dalla stagionalit\u00e0 del turismo, <strong>determineremo con l\u2019atto territoriale di base PRG, i luoghi per la costruzione di infrastrutture pubbliche sociali e di rilevanza economica nonch<\/strong><strong>\u00e9<\/strong><strong> zone commerciali-artigianali<\/strong> (accanto alla futura strada a scorrimento veloce Capodistria \u2013 Dragogna). A tal fine, proporremo l&#8217;eliminazione della condizione di pareggio di bilancio quando si cambia la destinazione d\u2019uso di terreni agricoli in terreni edificabili per la costruzione di una zona artigianale e di altre infrastrutture sociali ed economiche. Chiederemo il sostegno della Camera degli artigiani e degli imprenditori, della Camera di commercio del Litorale, della Camera di commercio della Slovenia, del Ministero dell&#8217;Economia e del Ministero dell&#8217;Agricoltura, in termini di ricerca di compromessi e sviluppo equilibrato dell&#8217;agricoltura e dell&#8217;economia.<\/p>\n<p>Tra l&#8217;altro, continueremo anche il dialogo con i ministeri competenti in merito all&#8217;eliminazione delle richieste di cancellazione dei terreni edificabili ai fabbricati nell&#8217;area delle costruzioni sparse e che i terreni edificabili non edificati nel centro di Portorose siano trasformati in terreni agricoli. In questo modo si eviteranno possibili ricorsi di risarcimento da parte dei cittadini, che si basano su sentenze gi\u00e0 emesse dalla Corte Costituzionale.<\/p>\n<p>&nbsp;<\/p>\n<h4><strong>Lucia unita \u2013 citt<\/strong><strong>\u00e0<\/strong><strong> del futuro: <\/strong><\/h4>\n<p>continueremo con<strong> l\u2019ottimizzazione della strada a scorrimento veloce Jagodje \u2013 Lucia,<\/strong> il che render\u00e0 possibile abolire, dopo la costruzione, lo svincolo dell\u2019attuale strada regionale e di transito che divide grosso modo Lucia in due parti.<\/p>\n<p>&nbsp;<\/p>\n<h4><strong>Costruzione della passerella e ricostruzione completa della strada lungo il canale di San Bartolomeo:<\/strong><\/h4>\n<p>dopo la costruzione della passerella, continueremo con il progetto di <strong>ricostruzione della strada e la costruzione delle opere di urbanizzazione mancanti<\/strong>.<\/p>\n<p>&nbsp;<\/p>\n<h4><strong>Costruzione degli autosili: <\/strong><\/h4>\n<p>per regolare il traffico in sosta, inizieremo con le attivit\u00e0 per la costruzione di un autosilo a <strong>Pirano, Portorose, Lucija e Strugnano<\/strong>.<\/p>\n<p>&nbsp;<\/p>\n<h4><strong>Protezione dalle inondazioni: <\/strong><\/h4>\n<p>realizzeremo<strong> un progetto <\/strong>impegnativo e urgente<strong> di protezione dalle inondazioni per la citt\u00e0 di Pirano <\/strong>e<strong> la manutenzione dei corsi d&#8217;acqua<\/strong>.<\/p>\n<p>&nbsp;<\/p>\n<h4><strong>Sistemazione delle spiagge: <\/strong><\/h4>\n<p>sistemeremo le spiagge <strong>a Pirano, Portorose, Sezza e Fiesso<\/strong>.<\/p>\n<p>&nbsp;<\/p>\n<h4><strong>Costruzione del nuovo porto locale presso il magazzino del sale Grando:<\/strong><\/h4>\n<p>in accordo con i vigenti atti territoriali e con il Piano dello spazio marittimo, si avvier\u00e0 il procedimento per la sistemazione di un nuovo porto locale, dove, oltre a un numero sufficiente di <strong>ormeggi comunali<\/strong>, saranno predisposti anche gli <strong>ormeggi per i visitatori nautici giornalieri<\/strong>. Tutte le imbarcazioni di Portorose saranno spostate nel nuovo porto e il molo principale di Portorose sar\u00e0 utilizzato solo per l\u2019attivit\u00e0 di trasporto turistico.<\/p>\n<p>&nbsp;<\/p>\n<h4><strong>Infrastruttura favorevole ai pedoni e ciclisti: <\/strong><\/h4>\n<p>realizzeremo un <strong>collegamento pedonale e ciclabile sicuro <\/strong>da Pirano a Dragogna, dotato di aree di sosta e fontanelle, anche sulla tratta della Parenzana, inoltre realizzeremo una moderna infrastruttura per il noleggio di biciclette.<\/p>\n<p><strong>\u00a0<\/strong><\/p>\n<h4><strong>Miglioramento dei collegamenti in autobus: <\/strong><\/h4>\n<p>organizzeremo migliori collegamenti in autobus <strong>con l&#8217;interno del Paese<\/strong> e <strong>tra i comuni dell&#8217;Istria slovena<\/strong>, e anche con gli <strong>Stati confinanti<\/strong>. Forniremo il trasporto pubblico urbano e suburbano a un prezzo simbolico per residenti locali, scolari, studenti e pensionati e aumenteremo la frequenza dei trasporti.<\/p>\n<p>&nbsp;<\/p>\n<h4><strong>Una migliore accessibilit<\/strong><strong>\u00e0<\/strong><strong> per le persone a mobilit<\/strong><strong>\u00e0<\/strong><strong> ridotta: <\/strong><\/h4>\n<p>faremo in modo che il Comune di Pirano sia accogliente per le persone a mobilit\u00e0 ridotta, quindi organizzeremo tutte le infrastrutture pubbliche, stradali e di altro tipo di conseguenza. Inizieremo subito a sistemare l&#8217;accesso a <strong>tutte le istituzioni pubbliche, istituti e aziende del comune<\/strong>, poich\u00e9 le persone con disabilit\u00e0 motorie hanno gi\u00e0 molti problemi nel centro storico stesso.<\/p>\n<p>&nbsp;<\/p>\n<h4><strong>Corsi d\u2019acqua e canali sotto le strade: <\/strong><\/h4>\n<p>realizzeremo un <strong>catasto di tutti i corsi d&#8217;acqua e canali sotto le strade<\/strong> e garantiremo la <strong>regolare manutenzione<\/strong> e flusso degli stessi.<\/p>\n<p>&nbsp;<\/p>\n<h4><strong>Costruzione e rinnovo della rete fognaria e ammodernamento delle stazioni di pompaggio: <\/strong><\/h4>\n<p>secondo il piano redatto per la costruzione e ristrutturazione della rete fognaria in tutta l&#8217;area del Comune di Pirano<strong>, completeremo e ripristineremo <\/strong>ogni anno<strong> la rete fognaria fecale e meteorica<\/strong>.<\/p>\n<p>&nbsp;<\/p>\n<h4><strong>Incentivi ai proprietari di terreni privati: <\/strong><\/h4>\n<p>Incoraggeremo tutti i proprietari di terreni privati ad avviare<strong> la realizzazione dei propri <\/strong>progetti, come ad es. l\u2019area della vecchia miniera di Sicciole, l\u2019area del Ka\u0161tel nel centro di Portorose e altri.<\/p>\n<p>&nbsp;<\/p>\n<h4><strong>Novellazione concernente l\u2019identit<\/strong><strong>\u00e0<\/strong><strong> visiva e la segnaletica esterna nel Comune di Pirano: <\/strong><\/h4>\n<p>con l&#8217;obiettivo di costruire un&#8217;identit\u00e0 locale, una maggiore riconoscibilit\u00e0 e commercializzazione della destinazione turistica, bandiremo un <strong>concorso pubblico per realizzare la novellazione dell\u2019identit<\/strong><strong>\u00e0<\/strong><strong> visiva e della segnaletica esterna <\/strong>nel Comune di Pirano del 1997, con particolare attenzione alla progettazione di una segnaletica direzionale unificata.[\/vc_column_text][\/vc_column_inner][\/vc_row_inner][vc_row_inner row_type=&#8221;row&#8221; type=&#8221;grid&#8221; text_align=&#8221;left&#8221; css_animation=&#8221;&#8221;][vc_column_inner][vc_separator type=&#8221;transparent&#8221; up=&#8221;60&#8243; down=&#8221;0&#8243;][vc_single_image image=&#8221;16511&#8243; img_size=&#8221;full&#8221; alignment=&#8221;center&#8221; qode_css_animation=&#8221;&#8221;][vc_separator type=&#8221;transparent&#8221; up=&#8221;40&#8243; down=&#8221;0&#8243;][vc_column_text]<\/p>\n<h3><strong>ECOLOGIA<\/strong><\/h3>\n<p>&nbsp;<\/p>\n<h4><strong>Risorse idriche alternative: <\/strong><\/h4>\n<p>l&#8217;ultima siccit\u00e0 \u00e8 stata per noi una buona lezione e ci ha incoraggiato a cercare <strong>fonti idriche alternative per l&#8217;irrigazione delle aree agricole, delle aree verdi e la pulizia delle superfici pubbliche<\/strong>. Pertanto, al fine di mitigare le conseguenze del cambiamento climatico, ci avvicineremo all&#8217;attuazione di procedimenti per la costruzione di vasche e bacini di ritenzione, e incoraggeremo i cittadini a costruire serbatoi di ritenzione individuali dell&#8217;acqua piovana.<\/p>\n<p>&nbsp;<\/p>\n<h4><strong>Supporto alle soluzioni complete nel campo delle fonti di energia rinnovabile:<\/strong><\/h4>\n<p>aumento del consumo di fonti rinnovabili e aumento dell&#8217;efficienza nell&#8217;uso dell&#8217;energia. \u00c8 necessario installare <strong>centrali solari<\/strong> sul maggior numero possibile di edifici pubblici. Le procedure per l&#8217;installazione di centrali solari sui tetti degli edifici comunali devono essere eseguite il pi\u00f9 rapidamente possibile.<\/p>\n<p>&nbsp;<\/p>\n<h4><strong>Rinnovo e protezione delle fonti idriche: <\/strong><\/h4>\n<p><strong>ripristineremo e proteggeremo<\/strong> tutte le <strong>fonti e sorgenti d\u2019acqua maltenute<\/strong>.<\/p>\n<p>&nbsp;<\/p>\n<h4><strong>Bere l\u2019acqua dal rubinetto: <\/strong><\/h4>\n<p>considerando che la Slovenia e l&#8217;Istria, oltre all&#8217;ottimo vino e olio d&#8217;oliva, siamo anche privilegiati poich\u00e9 abbiamo acqua potabile di alta qualit\u00e0, e includeremo questo vantaggio comparativo sottovalutato nella promozione della nostra destinazione turistica, poich\u00e9 bere l&#8217;acqua dal rubinetto \u00e8 un privilegio mondiale. A tal fine, collocheremo diverse fontanelle in tutto il Comune.<\/p>\n<p>&nbsp;<\/p>\n<h4><strong>Conservazione e protezione del mare: <\/strong><\/h4>\n<p>avvieremo progetti che aiuteranno a <strong>proteggere e preservare la qualit\u00e0 del mare<\/strong> e della vita in esso.<\/p>\n<p>&nbsp;<\/p>\n<h4><strong>Saline di Sicciole, parco naturale e produzione di sale: <\/strong><\/h4>\n<p>in partenariato con il Museo del Mare Sergej Ma\u0161era, presenteremo la mozione di costituzione dell&#8217;Associazione delle citt\u00e0 del Mediterraneo con l\u2019attivit\u00e0 delle saline quale denominatore comune, perch\u00e9 le saline di Sicciole, il parco naturale e la produzione di sale in partenariato con lo Stato, meritano un trattamento speciale e la protezione di questo prezioso patrimonio della nostra regione.<\/p>\n<p>&nbsp;<\/p>\n<h4><strong>Cura degli animali: <\/strong><\/h4>\n<p>siamo consapevoli che anche gli animali, in quanto esseri senzienti, sono una parte indispensabile della nostra comunit\u00e0. Adotteremo misure pi\u00f9 <strong>amichevoli per gli animali domestici e selvatici<\/strong>. Stabiliremo una migliore cooperazione con tutte le societ\u00e0 costiere per la protezione degli animali.[\/vc_column_text][\/vc_column_inner][\/vc_row_inner][vc_row_inner row_type=&#8221;row&#8221; type=&#8221;grid&#8221; text_align=&#8221;left&#8221; css_animation=&#8221;&#8221;][vc_column_inner][vc_separator type=&#8221;transparent&#8221; up=&#8221;60&#8243; down=&#8221;0&#8243;][vc_single_image image=&#8221;16513&#8243; img_size=&#8221;full&#8221; alignment=&#8221;center&#8221; qode_css_animation=&#8221;&#8221;][vc_separator type=&#8221;transparent&#8221; up=&#8221;40&#8243; down=&#8221;0&#8243;][vc_column_text]<\/p>\n<h3><strong>AMMINISTRAZIONE COMUNALE<\/strong><\/h3>\n<p>&nbsp;<\/p>\n<h4><strong>Riorganizzazione dell\u2019Amministrazione comunale: <\/strong><\/h4>\n<p>il nostro lavoro sar\u00e0 guidato dalla <strong>professionalit\u00e0 e da una buona strategia d&#8217;azione<\/strong>, che ci indicher\u00e0 in quali aree \u00e8 necessario investire maggiori sforzi ed energie per raggiungere gli obiettivi prefissati. Per questo motivo riorganizzeremo e <strong>rafforzeremo l&#8217;Amministrazione comunale<\/strong>, anche con un architetto urbano e un architetto del paesaggio, che cureranno e sorveglieranno l&#8217;ordine e l&#8217;immagine del nostro Comune. Lavoreremo in modo trasparente, ponendo <strong>l&#8217;accento sulla tolleranza zero per la corruzione<\/strong>. <strong>\u00a0<\/strong><\/p>\n<p>&nbsp;<\/p>\n<h4><strong>Progetti nei cassetti comunali: <\/strong><\/h4>\n<p><strong>esamineremo i contenuti di tutti i progetti rimasti nei cassetti comunali, ne verificheremo l&#8217;adeguatezza alle esigenze di sviluppo e informeremo il pubblico sulle conclusioni. <\/strong>Insieme valuteremo quali progetti hanno senso portare avanti, quali cancellare definitivamente e continuare con nuovi in \u200b\u200bbase alle attuali esigenze di sviluppo della comunit\u00e0.<\/p>\n<p>&nbsp;<\/p>\n<h4><strong>Digitalizzazione dell\u2019Amministrazione comunale: <\/strong><\/h4>\n<p>semplificazione dei procedimenti burocratici con la possibilit\u00e0 di <strong>presentare direttamente le domande in formato elettronico<\/strong>.<\/p>\n<p>&nbsp;<\/p>\n<h4><strong>Amministrazione comunale congiunta: <\/strong><\/h4>\n<p>rafforzeremo l&#8217;integrazione e l&#8217;attuazione dei compiti dell&#8217;Amministrazione comunale congiunta dei quattro comuni istriani, ponendo l&#8217;accento su una maggiore efficienza e sul miglioramento pratico dei compiti.[\/vc_column_text][\/vc_column_inner][\/vc_row_inner][vc_row_inner row_type=&#8221;row&#8221; type=&#8221;grid&#8221; text_align=&#8221;left&#8221; css_animation=&#8221;&#8221;][vc_column_inner][vc_separator type=&#8221;transparent&#8221; up=&#8221;60&#8243; down=&#8221;0&#8243;][vc_single_image image=&#8221;16515&#8243; img_size=&#8221;full&#8221; alignment=&#8221;center&#8221; qode_css_animation=&#8221;&#8221;][vc_separator type=&#8221;transparent&#8221; up=&#8221;40&#8243; down=&#8221;0&#8243;][vc_column_text]<\/p>\n<h3><strong>POLITICA ABITATIVA E SOCIALE<\/strong><\/h3>\n<p>&nbsp;<\/p>\n<h4><strong>Incentivi nella costruzione di appartamenti per giovani e giovani famiglie: <\/strong><\/h4>\n<p>ai sensi dell&#8217;articolo 241 della Legge sull&#8217;assetto territoriale (<a href=\"http:\/\/www.pisrs.si\/Pis.web\/pregledPredpisa?id=ZAKO8249\">ZUreP-3<\/a>), che consente al Comune l&#8217;esenzione degli oneri di urbanizzazione, integreremo il Decreto sugli oneri di urbanizzazione del Comune di Pirano, con la possibilit\u00e0 di un&#8217;esenzione parziale fino al 50% per le singole tipologie edilizie residenziali secondo le norme che regolano la classificazione delle tipologie edilizie ed esenzioni parziali del pagamento degli oneri di urbanizzazione fino al 50% per gli ampliamenti di edifici esistenti, <strong>se questo risolve il problema abitativo dei bambini e giovani famiglie<\/strong>.<\/p>\n<p><strong>\u00a0<\/strong><\/p>\n<h4><strong>Costruzione di appartamenti per giovani e giovani famiglie: <\/strong><\/h4>\n<p>accelereremo tutto ci\u00f2 che \u00e8 stato avviato e inizieremo l\u2019avvio di nuovi procedimenti per <strong>costruire al pi\u00f9 presto un numero sufficiente di appartamenti per le giovani famiglie<\/strong>. Inizieremo nell\u2019area di Costa, dove abbiamo gi\u00e0 il permesso di costruire.<\/p>\n<p><strong>\u00a0<\/strong><\/p>\n<h4><strong>Rinnovo degli edifici abbandonati e alloggi di propriet<\/strong><strong>\u00e0<\/strong><strong> del Comune:<\/strong><\/h4>\n<p>inizieremo con i procedimenti per il risanamento degli edifici fatiscenti, che utilizzeremo <strong>per risolvere il problema abitativo<\/strong>.<\/p>\n<p>&nbsp;<\/p>\n<h4><strong>Costruzione del centro intergenerazionale: <\/strong><\/h4>\n<p>nessuno \u00e8 troppo vecchio per <strong>nuove conoscenze<\/strong>. Possiamo avere successo nella nostra comunit\u00e0 se ci basiamo sull&#8217;impegno e sulle <strong>esigenze dei giovani<\/strong> e sulla <strong>conoscenza e l&#8217;esperienza degli anziani<\/strong> per aprire la strada ai giovani verso un futuro migliore. Un esempio di buona pratica \u00e8 l&#8217;associazione Faros.<\/p>\n<p>&nbsp;<\/p>\n<h4><strong>Costruzione della nuova casa per la terza et<\/strong><strong>\u00e0<\/strong><strong>: <\/strong><\/h4>\n<p>molti dei nostri cittadini sono in attesa di assistenza nelle case per anziani. Poich\u00e9 le capacit\u00e0 del Centro per la terza et\u00e0 di Lucia sono esaurite, i nostri cittadini sono costretti a cercare un alloggio in case remote in tutta la Slovenia. Ecco perch\u00e9 <strong>determineremo un luogo adatto<\/strong> per la costruzione di una nuova casa per la terza et\u00e0 nella pianificazione territoriale.<\/p>\n<p>&nbsp;<\/p>\n<h4><strong>Assistenza a domicilio: <\/strong><\/h4>\n<p>a causa della crescente mancanza di spazio nelle case per la terza et\u00e0, sosterremo un <strong>migliore funzionamento del sistema di assistenza per gli anziani <\/strong>che vivono nella propria casa, ma a causa di malattie o altri problemi legati all&#8217;et\u00e0, non sono pi\u00f9 in grado di prendersi cura di se stessi.<\/p>\n<p>&nbsp;<\/p>\n<h4><strong>Sovvenzioni per la scuola d\u2019infanzia: <\/strong><\/h4>\n<p>aumenteremo le <strong>sovvenzioni alle famiglie socialmente disagiate per la scuola d\u2019infanzia<\/strong>.[\/vc_column_text][\/vc_column_inner][\/vc_row_inner][vc_row_inner row_type=&#8221;row&#8221; type=&#8221;grid&#8221; text_align=&#8221;left&#8221; css_animation=&#8221;&#8221;][vc_column_inner][vc_separator type=&#8221;transparent&#8221; up=&#8221;60&#8243; down=&#8221;0&#8243;][vc_single_image image=&#8221;16518&#8243; img_size=&#8221;full&#8221; alignment=&#8221;center&#8221; qode_css_animation=&#8221;&#8221;][vc_separator type=&#8221;transparent&#8221; up=&#8221;40&#8243; down=&#8221;0&#8243;][vc_column_text]<\/p>\n<h3><strong>SVILUPPO DELLE ZONE RURALI<\/strong><\/h3>\n<p>&nbsp;<\/p>\n<h4><strong>Sviluppo uniforme: <\/strong><\/h4>\n<p>con forme innovative di turismo, ci occuperemo dello <strong>sviluppo uniforme della citt\u00e0 e delle zone rurali<\/strong>.<\/p>\n<p>&nbsp;<\/p>\n<h4><strong>Mantenimento della popolazione: <\/strong><\/h4>\n<p>presteremo particolare attenzione allo <strong>sviluppo delle zone rurali e al mantenimento della popolazione nelle zone rurali<\/strong>. A tal fine, accelereremo la costruzione e l&#8217;ammodernamento delle infrastrutture e sosterremo lo sviluppo dell&#8217;artigianato e del turismo nelle zone rurali, la conservazione del patrimonio naturale e culturale, il paesaggio culturale e il restauro dei monumenti culturali e delle strutture a scopo turistico.<\/p>\n<p>&nbsp;<\/p>\n<h4><strong>Sviluppo dell\u2019agricoltura sostenibile: <\/strong><\/h4>\n<p>instaureremo un <strong>dialogo con i produttori agricoli<\/strong>, promuoveremo lo sviluppo dell&#8217;agricoltura sostenibile con diversi investimenti in aziende e attrezzature agricole, la sovvenzione dei premi assicurativi e forniremo assistenza per l\u2019adesione ai bandi di concorso concernenti sovvenzioni varie per l\u2019agricoltura.[\/vc_column_text][\/vc_column_inner][\/vc_row_inner][vc_row_inner row_type=&#8221;row&#8221; type=&#8221;grid&#8221; text_align=&#8221;left&#8221; css_animation=&#8221;&#8221;][vc_column_inner][vc_separator type=&#8221;transparent&#8221; up=&#8221;60&#8243; down=&#8221;0&#8243;][vc_single_image image=&#8221;16520&#8243; img_size=&#8221;full&#8221; alignment=&#8221;center&#8221; qode_css_animation=&#8221;&#8221;][vc_separator type=&#8221;transparent&#8221; up=&#8221;40&#8243; down=&#8221;0&#8243;][vc_column_text]<\/p>\n<h3><strong>ISTRUZIONE E SPORT<\/strong><\/h3>\n<p>&nbsp;<\/p>\n<h4><strong>Costruzione di infrastrutture sportive: <\/strong><\/h4>\n<p>costruiremo le mancanti infrastrutture sportive e ricreative \u2013 il <strong>Parco dello sport di Lucia<\/strong>. Tratteremo allo stesso modo tutti i club e le associazioni sportive e creeremo condizioni per l&#8217;inclusione dei residenti di tutte le et\u00e0 nello sport e nella ricreazione.<\/p>\n<p>&nbsp;<\/p>\n<h4><strong>Investire in condizioni di istruzione di qualit\u00e0: <\/strong><\/h4>\n<p>costruzione<strong> della nuova scuola dell\u2019infanzia a Lucia, <\/strong>rinnovo dei parchi gioco per bambini, risanamento delle strutture scolastiche.<\/p>\n<p>&nbsp;<\/p>\n<h4><strong>Vita attiva dei cittadini anziani: <\/strong><\/h4>\n<p>dedicheremo particolare attenzione e cura alla vita attiva degli anziani. Creeremo le condizioni per tutti i programmi sportivi e ricreativi rivolti agli anziani.[\/vc_column_text][\/vc_column_inner][\/vc_row_inner][vc_row_inner row_type=&#8221;row&#8221; type=&#8221;grid&#8221; text_align=&#8221;left&#8221; css_animation=&#8221;&#8221;][vc_column_inner][vc_separator type=&#8221;transparent&#8221; up=&#8221;60&#8243; down=&#8221;0&#8243;][vc_single_image image=&#8221;16522&#8243; img_size=&#8221;full&#8221; alignment=&#8221;center&#8221; qode_css_animation=&#8221;&#8221;][vc_separator type=&#8221;transparent&#8221; up=&#8221;40&#8243; down=&#8221;0&#8243;][vc_column_text]<\/p>\n<h3><strong>CULTURA<\/strong><\/h3>\n<p>&nbsp;<\/p>\n<h4><strong>Cura per la conservazione del patrimonio culturale: <\/strong><\/h4>\n<p>una destinazione turistica non \u00e8 solo mare e sole, ma un luogo e persone con una propria cultura. La comunit\u00e0 locale deve essere abilitata a mostrare la sua creativit\u00e0 e talento artistico, tradizione, storia e valori morali. <strong>Tutto questo dovrebbe essere accompagnato da infrastrutture moderne e confortevoli, che dobbiamo costruire<\/strong>.<\/p>\n<p><strong>\u00a0<\/strong><\/p>\n<h4><strong>Migliorare le condizioni di lavoro delle istituzioni culturali: <\/strong><\/h4>\n<p>instaureremo una <strong>migliore collaborazione<\/strong> con tutte le istituzioni culturali del Comune di Pirano. Presteremo particolare attenzione all&#8217;attuazione dei programmi culturali nell&#8217;Auditorium di Portorose e nel Teatro Tartini, il cui potenziale \u00e8 poco sfruttato. Il teatro deve vivere con la citt\u00e0 e i suoi cittadini. Il Teatro Tartini non adempie questa missione gi\u00e0 da diversi decenni.<\/p>\n<p>&nbsp;<\/p>\n<h4><strong>Incentivi per l\u2019attivit<\/strong><strong>\u00e0<\/strong><strong> culturale: <\/strong><\/h4>\n<p>daremo maggiore ascolto alle associazioni culturali e di altro genere nonch\u00e9 agli artisti autonomi nel campo della cultura e dell&#8217;arte, in particolare a giovani talenti, musicisti e artisti. Incoraggeremo l&#8217;organizzazione di una pi\u00f9 ampia gamma di eventi artistico-culturali musicali, teatrali, sportivi, giovanili, per bambini, turistici e creativi. In dialogo con la popolazione cittadina, garantiremo il rilancio della cultura dei festival in citt\u00e0. Con gli incentivi attireremo i contenuti mancanti, come locali tranquilli a tema (club jazz\/rock\/blues, piano bar ecc.).<\/p>\n<p><strong>\u00a0<\/strong><\/p>\n<h4><strong>Una comunit<\/strong><strong>\u00e0<\/strong><strong> amica della cultura: <\/strong><\/h4>\n<p>motiveremo le istituzioni pubbliche, le aziende pubbliche e private a sostenere la cultura e consentire ai dipendenti di impegnarsi nella cultura per il bene delle proprie prestazioni, migliorando cos\u00ec il clima organizzativo, la produttivit\u00e0, la creativit\u00e0 e rafforzando le relazioni positive nei collettivi. Visioni di opere teatrali, mostre, serate letterarie e altri eventi culturali sono opportunit\u00e0 che consentono ai dipendenti di incontrarsi in modo autentico e conoscersi meglio al di fuori del consueto ambiente di lavoro.<\/p>\n<p>&nbsp;<\/p>\n<h4><strong>Patrimonio culturale sacro: <\/strong><\/h4>\n<p>aumenteremo la voce di bilancio per il restauro e la manutenzione del patrimonio culturale sacro, che \u00e8 una parte indispensabile dell&#8217;offerta turistica del Comune di Pirano e che attualmente ammonta ad appena 15.000 euro per l&#8217;intero Comune su base annua.<\/p>\n<p>&nbsp;<\/p>\n<h4><strong>Ristrutturazione degli edifici del patrimonio culturale: <\/strong><\/h4>\n<p>procederemo alla ristrutturazione della Casa Kosma\u010d a Portorose e ne trasformeremo la destinazione d\u2019uso in residenza artistica, nonch\u00e9 alla predisposizione della documentazione progettuale e di un piano di conservazione per la ristrutturazione di Palazzo Apollonio (Zaccaria-Ravasini).[\/vc_column_text][\/vc_column_inner][\/vc_row_inner][vc_row_inner row_type=&#8221;row&#8221; type=&#8221;grid&#8221; text_align=&#8221;left&#8221; css_animation=&#8221;&#8221;][vc_column_inner][vc_separator type=&#8221;transparent&#8221; up=&#8221;60&#8243; down=&#8221;0&#8243;][vc_single_image image=&#8221;16524&#8243; img_size=&#8221;full&#8221; alignment=&#8221;center&#8221; qode_css_animation=&#8221;&#8221;][vc_separator type=&#8221;transparent&#8221; up=&#8221;40&#8243; down=&#8221;0&#8243;][vc_column_text]<\/p>\n<h3><strong>DIALOGO E COLLABORAZIONE<\/strong><\/h3>\n<p>&nbsp;<\/p>\n<h4><strong>Buone relazioni interpersonali in primo luogo: <\/strong><\/h4>\n<p>realizzeremo un programma di eventi sociali volti alla <strong>conoscenza reciproca e allo sviluppo di relazioni di buon vicinato<\/strong>, creando cos\u00ec una comunit\u00e0 in cui tutti, dai pi\u00f9 piccoli ai pi\u00f9 grandi, si sentano al sicuro, accettati e rispettati.<\/p>\n<p>&nbsp;<\/p>\n<h4><strong>Rispetto per la diversit<\/strong><strong>\u00e0<\/strong><strong>: <\/strong><\/h4>\n<p>fiducia, rispetto e cooperazione sono le basi di buone relazioni per tutti quelli che si sforzano di identificare le priorit\u00e0 sociali. Possiamo ottenere un futuro migliore creandolo noi stessi. Costruiremo <strong>buone relazioni tra le persone<\/strong>, promuoveremo il rispetto per la diversit\u00e0 e l&#8217;integrazione della comunit\u00e0. Ascolteremo anche quei cittadini che non sono stati ascoltati in passato. <strong>Terremo conto delle opinioni di tutti<\/strong> quelli che, esprimono la loro disponibilit\u00e0 a partecipare allo sviluppo del Comune di Pirano. Nel mondo c&#8217;\u00e8 abbastanza spazio per tutti. Nessuno perde nulla se ha un atteggiamento rispettoso verso il prossimo.<\/p>\n<p>&nbsp;<\/p>\n<h4><strong>Avere cura del bene comune: <\/strong><\/h4>\n<p>avremo una particolare attenzione a <strong>motivare e premiare i cittadini<\/strong> che, attraverso il loro lavoro e i loro sforzi, contribuiscono al bene comune e sono un esempio per gli altri cittadini. Come esempio di buona pratica, possiamo citare la targa d&#8217;onore &#8220;Tutore dell&#8217;ambiente 2022&#8221;, che quest&#8217;anno \u00e8 stata assegnata per la prima volta in occasione della Festa comunale a Silvester Opara e a Bogdan Kozina per il loro impegno disinteressato nella protezione e salvaguardia di un ambiente sano e pulito.<\/p>\n<p>&nbsp;<\/p>\n<h4><strong>Dialogo: <\/strong><\/h4>\n<p>per una maggiore efficienza e una pronta risoluzione delle questioni aperte, <strong>stabiliremo un dialogo regolare e costruttivo con i cittadini e con i rappresentanti eletti nel Consiglio comunale e nelle comunit\u00e0 locali<\/strong>. La cooperazione e il coinvolgimento di tutte le parti interessate \u00e8 fondamentale per un processo decisionale trasparente e la base \u00e8 un&#8217;informazione tempestiva e completa al pubblico. Ecco perch\u00e9 coinvolgeremo in modo immediato la partecipazione del pubblico alla progettazione di tutti i progetti di rilevanza pubblica.<\/p>\n<p><strong>\u00a0<\/strong><\/p>\n<h4><strong>Comunit<\/strong><strong>\u00e0<\/strong><strong> Nazionale Italiana: <\/strong><\/h4>\n<p>potenzieremo la <strong>cooperazione con la Comunit\u00e0 Nazionale Italiana<\/strong> e le istituzioni educative con lingua di insegnamento italiana e ascolteremo le loro esigenze. \u00c8 importante che ci rispettiamo e ci capiamo, indipendentemente dalle differenze linguistiche.<\/p>\n<p>&nbsp;<\/p>\n<h4><strong>Dialogo interculturale: <\/strong><\/h4>\n<p>presteremo particolare attenzione alle associazioni e alle organizzazioni di <strong>altri popoli e nazionalit\u00e0<\/strong> che vivono, lavorano, creano e contribuiscono al riconoscimento culturale del nostro luogo con un&#8217;enfasi sulla cultura, la cucina e la lingua.<\/p>\n<p>&nbsp;<\/p>\n<h4><strong>Finanziamento trasparente delle associazioni:<\/strong><\/h4>\n<p>creeremo <strong>nuovi criteri pi\u00f9 equi<\/strong> per il finanziamento annuale delle attivit\u00e0 regolari delle associazioni, in base al numero di membri, alla qualit\u00e0 del programma presentato e attuato, alla capacit\u00e0 di ottenere fondi propri da altre fonti e al loro contributo alla promozione della riconoscibilit\u00e0 culturale e turistica del Comune di Pirano.<\/p>\n<p>&nbsp;<\/p>\n<h4><strong>Dialogo interreligioso: <\/strong><\/h4>\n<p>sosterremo e incoraggeremo il <strong>dialogo interreligioso<\/strong> nell&#8217;ambito del dialogo interculturale, che rappresenta un valore fondamentale dell&#8217;UE.<\/p>\n<p><strong>\u00a0<\/strong><\/p>\n<h4><strong>Apertura nell\u2019ambiente internazionale: <\/strong><\/h4>\n<p>incoraggeremo la<strong> cooperazione transfrontaliera <\/strong>e ristabiliremo la cooperazione con i comuni gemellati.[\/vc_column_text][\/vc_column_inner][\/vc_row_inner][vc_row_inner row_type=&#8221;row&#8221; type=&#8221;grid&#8221; text_align=&#8221;left&#8221; css_animation=&#8221;&#8221;][vc_column_inner][vc_separator type=&#8221;transparent&#8221; up=&#8221;60&#8243; down=&#8221;0&#8243;][vc_single_image image=&#8221;16529&#8243; img_size=&#8221;full&#8221; alignment=&#8221;center&#8221; qode_css_animation=&#8221;&#8221;][vc_separator type=&#8221;transparent&#8221; up=&#8221;40&#8243; down=&#8221;0&#8243;][vc_column_text]<\/p>\n<h3><strong>PIRANO (unit<\/strong><strong>\u00e0<\/strong><strong> elettorale 1)<\/strong><\/h3>\n<p>&nbsp;<\/p>\n<h4><strong>Pirano, citt<\/strong><strong>\u00e0<\/strong><strong> senza asfalto: <\/strong><\/h4>\n<p>nel rinnovo della rete fognaria tutte le superfici asfaltate delle vie e piazze saranno sostituite da pavimentazione in pietra naturale.<\/p>\n<p>&nbsp;<\/p>\n<h4><strong>Costruzione dell\u2019autosilo: <\/strong><\/h4>\n<p>in accordo con la <strong>Strategia globale del traffico del Comune di Pirano<\/strong>, si proseguir\u00e0 con il procedimento iniziato in precedenza per l&#8217;approvazione del PRPC per la realizzazione di un autosilo centrale sotto lo stadio comunale con un centro logistico, con spazi di deposito per le esigenze dei nuclei familiari, magazzini per artigiani, commercianti, ristoratori, depositi per le Gallerie Costiere di Pirano, il Museo del Mare Sergej Ma\u0161era, l\u2019archivio cittadino e altri utenti. Verifica di altri possibili luoghi per la costruzione dell\u2019autosilo.<\/p>\n<p>&nbsp;<\/p>\n<h4><strong>Pirano, citt<\/strong><strong>\u00e0<\/strong><strong> senza automobili: <\/strong><\/h4>\n<p>dopo la realizzazione dell\u2019autosilo centrale e del centro logistico sotto lo stadio cittadino, che sar\u00e0 destinato a residenti e visitatori del centro storico, utenti e visitatori dello stadio, visitatori del cimitero e di Fiesso, Pirano sar\u00e0 chiusa al traffico automobilistico. Saranno consentiti la consegna, il trasporto pubblico passeggeri e il servizio taxi. Le uniche eccezioni di sosta nel centro storico saranno i disabili, gli anziani e le famiglie con bambini piccoli. I residenti del centro storico potranno parcheggiare anche in citt\u00e0, ma a tempo limitato. Il trasporto tra l\u2019autosilo e la citt\u00e0 sar\u00e0 reso possibile anche da veicoli elettrici pi\u00f9 piccoli e dal trasporto pubblico di passeggeri.<\/p>\n<p>&nbsp;<\/p>\n<h4><strong>Miglioramento della sicurezza del traffico presso la stazione principale degli autobus: <\/strong><\/h4>\n<p>con misure temporanee garantiremo maggiore sicurezza a passeggeri e pedoni presso la stazione principale degli autobus di Pirano, dove si sono gi\u00e0 verificati due gravi incidenti, uno purtroppo mortale e l&#8217;altro con un ferito grave. Le misure temporanee saranno seguite dalla realizzazione di soluzioni progettuali per il trasferimento della stazione degli autobus a Fornace.<\/p>\n<p>&nbsp;<\/p>\n<h4><strong>Riqualificazione di Via Dante &#8211; costruzione della passeggiata: <\/strong><\/h4>\n<p>con l&#8217;obiettivo di migliorare la sicurezza del traffico e migliorare le condizioni di vita dei residenti di Via Dante, che da anni soffrono e sopportano il rumore e i gas di scarico delle automobili, presenteremo ai cittadini e avvieremo le procedure per la ricostruzione completa dell&#8217;ingresso della citt\u00e0 di Pirano, allontanando la strada dagli edifici e costruendo una zona pedonale e ciclabile sicura \u2013 la passeggiata.<\/p>\n<p>&nbsp;<\/p>\n<h4><strong>Sistemazione dello spazio di manovra presso il club \u00bbTri papige\u00ab:<\/strong><\/h4>\n<p>istituzione di un regime di sosta breve di fronte al locale &#8220;Tri Papige&#8221; e predisposizione di uno spazio di manovra per la tratta prolungata del bus gratuito.<\/p>\n<p><strong>\u00a0<\/strong><\/p>\n<h4><strong>Rinnovo degli edifici nel centro storico: <\/strong><\/h4>\n<p>incoraggeremo la ristrutturazione di tutti gli edifici fatiscenti di propriet\u00e0 privata e inizieremo con la ristrutturazione di edifici di propriet\u00e0 comunale per le esigenze delle organizzazioni non profit, del personale e degli appartamenti per le giovani famiglie, nonch\u00e9 per le esigenze delle associazioni che mantengono e creano il ritmo della citt\u00e0 attraverso le loro attivit\u00e0.<\/p>\n<p>&nbsp;<\/p>\n<h4><strong>Incentivi per la ristrutturazione degli edifici del centro storico e nei paesi: <\/strong><\/h4>\n<p><strong>aumenteremo le sovvenzioni per il rifacimento delle facciate <\/strong>e prolungheremo i termini per l&#8217;esecuzione dei lavori, e proporremo una modifica al Decreto sulle tasse comunali nel Comune di Pirano, <strong>con l\u2019esenzione dal pagamento delle tasse comunali <\/strong>per l&#8217;uso delle aree pubbliche durante il montaggio di ponteggi edili e l&#8217;organizzazione di cantieri su aree pubbliche durante la ristrutturazione e ricostruzione di vecchi edifici, indipendentemente dal fatto che l&#8217;investitore sia una persona fisica o giuridica.<\/p>\n<p>&nbsp;<\/p>\n<h4><strong>Protezione dalle inondazioni della citt<\/strong><strong>\u00e0<\/strong><strong> di Pirano: <\/strong><\/h4>\n<p>in base allo studio anti inondazione, pubblicheremo un <strong>bando di gara internazionale<\/strong> per lo sviluppo del progetto di protezione dalle inondazioni della citt\u00e0 di Pirano e lo presenteremo pubblicamente ai cittadini. La realizzazione deve basarsi sull&#8217;uso di materiali naturali, con esecuzione in pietra e senza finiture in cemento a vista.<\/p>\n<p>&nbsp;<\/p>\n<h4><strong>Nuovi contenuti urbanistici: <\/strong><\/h4>\n<p>dopo la realizzazione dell\u2019autosilo sotto lo stadio cittadino, l&#8217;intera area di Fornace, compreso il vecchio edificio amministrativo della Okolje Pirano, l&#8217;ex fabbrica Salvetti e l&#8217;edificio Viba film, sar\u00e0 dedicata a nuovi contenuti urbanistici, che saranno determinati insieme ai cittadini durante il processo di adozione del nuovo PRPC nei laboratori di urbanistica.<\/p>\n<p>&nbsp;<\/p>\n<h4><strong>Teatro Tartini: <\/strong><\/h4>\n<p>presteremo particolare attenzione al Teatro Tartini, il cui potenziale \u00e8 poco sfruttato e da decenni non compie la sua missione. Il teatro cittadino deve vivere con la citt\u00e0 e i suoi cittadini.<\/p>\n<p>&nbsp;<\/p>\n<h4><strong>Promozione di Pirano come destinazione cinematografica:<\/strong><\/h4>\n<p>l&#8217;inaugurazione della mostra permanente, la collezione del museo del cinema dedicata a Pirano nel film, con il potenziamento del percorso didattico attraverso le location delle riprese delle pi\u00f9 importanti produzioni cinematografiche. Lo studio cinematografico Viba filma di Fornace si offre come una location unica che, oltre al museo, ospiterebbe anche una sala pi\u00f9 piccola per le produzioni di Art kino e sarebbe una delle sedi del Festival del cinema sloveno.<\/p>\n<p>&nbsp;<\/p>\n<h4><strong>Pirano destinazione per matrimoni:<\/strong><\/h4>\n<p>Pirano \u00e8 una delle destinazioni per matrimoni pi\u00f9 ambite, che rappresentano un segmento importante dell&#8217;offerta turistica. La Sala Tintoretto del Palazzo Municipale non soddisfa le condizioni organizzative per tali eventi a causa della sua ubicazione e delle limitazioni di movimento nei locali comunali. Pertanto, nella parte inutilizzata al piano terra dell&#8217;edificio comunale, allestiremo una nuova sala per eventi e matrimoni, che servir\u00e0 anche alle esigenze dei cittadini e della comunit\u00e0 locale.<\/p>\n<p>&nbsp;<\/p>\n<h4><strong>Patrimonio culturale sacro: <\/strong><\/h4>\n<p>aumenteremo la voce di bilancio per il restauro e la manutenzione del patrimonio culturale sacro, che \u00e8 una parte indispensabile dell&#8217;offerta turistica del Comune di Pirano e che attualmente ammonta ad appena 15.000 euro per l&#8217;intero Comune su base annua.<\/p>\n<p>&nbsp;<\/p>\n<h4><strong>Risanamento del campanile di Pirano: <\/strong><\/h4>\n<p>stanzieremo i fondi di bilancio per consentire l\u2019urgente consolidamento statico della guglia e della parte esterna del campanile di Pirano, che \u00e8 uno degli elementi pi\u00f9 riconoscibili della veduta di Pirano.<\/p>\n<p>&nbsp;<\/p>\n<h4><strong>Sistemazione delle spiagge cittadine: <\/strong><\/h4>\n<p>sistemeremo le spiagge cittadine della Punta, di fronte all\u2019albergo Piran, di Fornace, a Fiesso e Portorose e provvederemo a sistemare accessi sicuri in mare per gli anziani e persone a mobilit\u00e0<\/p>\n<p>&nbsp;<\/p>\n<h4><strong>Vigilanza sull\u2019ordine e la pulizia della citt<\/strong><strong>\u00e0<\/strong><strong>: <\/strong><\/h4>\n<p>al fine di garantire l&#8217;ordine e la pulizia del centro storico, istituiremo un servizio permanente di vigilanza comunale, che svolger\u00e0 il controllo e sanzioner\u00e0 i trasgressori secondo i vigenti decreti comunali.<\/p>\n<p>&nbsp;<\/p>\n<h4><strong>Collegamento pedonale sicuro tra Pirano e Fiesso: <\/strong><\/h4>\n<p>risaneremo in modo permanente e realizzeremo un percorso pedonale sicuro tra Pirano e Fiesso, adatto a tutti gli utenti, indipendentemente dall&#8217;et\u00e0 o da eventuali difficolt\u00e0 motorie<strong>.<\/strong><\/p>\n<p>&nbsp;<\/p>\n<h4><strong>Fiesso, oasi verde del Comune di Pirano: <\/strong><\/h4>\n<p>sistemeremo la spiaggia, i dintorni di entrambi i laghi con percorsi didattici. Sposteremo tutte le strutture e i punti vendita temporanei dalla parte centrale ai margini del parco.[\/vc_column_text][\/vc_column_inner][\/vc_row_inner][vc_row_inner row_type=&#8221;row&#8221; type=&#8221;grid&#8221; text_align=&#8221;left&#8221; css_animation=&#8221;&#8221;][vc_column_inner][vc_separator type=&#8221;transparent&#8221; up=&#8221;60&#8243; down=&#8221;0&#8243;][vc_single_image image=&#8221;16527&#8243; img_size=&#8221;full&#8221; alignment=&#8221;center&#8221; qode_css_animation=&#8221;&#8221;][vc_separator type=&#8221;transparent&#8221; up=&#8221;40&#8243; down=&#8221;0&#8243;][vc_column_text]<\/p>\n<h3><strong>PORTOROSE (unit<\/strong><strong>\u00e0<\/strong><strong> elettorale 2)<\/strong><\/h3>\n<p>&nbsp;<\/p>\n<h4><strong>Autosilo Valeta: <\/strong><\/h4>\n<p>per risolvere il problema del traffico in sosta che affligge i visitatori dell&#8217;Auditorium, i residenti di Via Ombrata, di Via della Villeggiatura e la pi\u00f9 ampia area circostante, modificheremo il programma di investimento e il programma delle opere di urbanizzazione ed esamineremo la possibilit\u00e0 di realizzare l\u2019autosilo Valeta, per cui il PRPC \u00e8 stato adottato nel 2012.<\/p>\n<p>&nbsp;<\/p>\n<h4><strong>PRPC \u2013 sistemazione del centro di Portorose: <\/strong><\/h4>\n<p>inizieremo il processo di sistemazione del centro di Portorose. Nell&#8217;ambito del PRPC, risolveremo anche il problema del traffico in sosta. Insieme alla gente del posto, determineremo i luoghi per la costruzione di nuovi autosili e continueremo il processo di costruzione di una nuova passeggiata e di un collegamento ciclabile sicuro dai magazzini del sale fino a Lucia. Organizzeremo anche percorsi pi\u00f9 sicuri tra gli hotel e la spiaggia e miglioreremo la variet\u00e0 dell&#8217;offerta con nuovi contenuti.<\/p>\n<p>&nbsp;<\/p>\n<h4><strong>Passeggiata da Portorose a Lucia: <\/strong><\/h4>\n<p>inizieremo il processo di ampliamento e costruzione della passeggiata dai magazzini del sale a Lucia con corsie separate per ciclisti e pedoni.<\/p>\n<p>&nbsp;<\/p>\n<h4><strong>Costruzione del nuovo porto locale presso il magazzino del sale Grando:<\/strong><\/h4>\n<p>in accordo con i vigenti atti territoriali e con il PSM (Piano dello spazio marittimo), si avvier\u00e0 il procedimento per la sistemazione di un nuovo porto locale, dove oltre a un numero sufficiente di ormeggi comunali, saranno predisposti anche gli ormeggi per i visitatori nautici giornalieri. Tutte le imbarcazioni di Portorose saranno spostate nel nuovo porto e il molo principale di Portorose sar\u00e0 utilizzato solo per attivit\u00e0 di trasporto turistico.<\/p>\n<p>&nbsp;<\/p>\n<h4><strong>Portorose \u2013 destinazione tennistica:<\/strong><\/h4>\n<p>i tornei di tennis sono un&#8217;ottima opportunit\u00e0 per promuovere Portorose e l&#8217;intera Slovenia come una destinazione eccellente per esperienze attive e grandi eventi sportivi. Ci adopereremo per lo sviluppo del tennis e l&#8217;inclusione dei bambini nel gioco del tennis con l&#8217;obiettivo di far diventare Portorose una destinazione tennistica consolidata per una vacanza attiva e per la preparazione degli atleti.<\/p>\n<p>&nbsp;<\/p>\n<h4><strong>Vela e sport acquatici: <\/strong><\/h4>\n<p>a Portorose, il Centro per gli sport acquatici, ospita la Federazione Slovena Vela con la quale rafforzeremo la cooperazione nell&#8217;attuazione di programmi di vela, dall&#8217;inclusione e l&#8217;educazione dei pi\u00f9 giovani, alle attivit\u00e0 di supporto e alla realizzazione di competizioni internazionali per i giovani e le classi olimpiche, che porteranno Portorose nella mappa mondiale della vela.<\/p>\n<p>&nbsp;<\/p>\n<h4><strong>Ammodernamento dell\u2019Auditorium di Portorose: <\/strong><\/h4>\n<p>adotteremo la strategia per lo sviluppo del centro culturale e congressuale Avditorij Portorose e assegneremo i fondi necessari per l&#8217;ammodernamento e le attrezzature tecniche di tutte le sedi.<\/p>\n<p>&nbsp;<\/p>\n<h4><strong>Percorsi sicuri per la scuola: <\/strong><\/h4>\n<p>particolare attenzione sar\u00e0 riservata alla predisposizione di percorsi pi\u00f9 sicuri verso le scuole e le altre strutture educative (illuminazione pubblica, marciapiedi, piste ciclabili).<\/p>\n<p>&nbsp;<\/p>\n<h4><strong>Strugnano: <\/strong><\/h4>\n<p>l&#8217;inizio del processo di risoluzione del problema del traffico in sosta nell&#8217;area del Parco naturale di Strugnano con la scelta di un luogo idoneo per la costruzione di un autosilo, la rimozione delle automobili dalle saline di Strugnano e dalla Stju\u017ea (Chiusa) e, la costruzione di una nuova rotatoria lungo la Stju\u017ea (Chiusa) nonch\u00e9 un collegamento ciclabile sicuro con la spiaggia, assistenza nella ricostruzione e sistemazione delle case dei residenti.[\/vc_column_text][\/vc_column_inner][\/vc_row_inner][vc_row_inner row_type=&#8221;row&#8221; type=&#8221;grid&#8221; text_align=&#8221;left&#8221; css_animation=&#8221;&#8221;][vc_column_inner][vc_separator type=&#8221;transparent&#8221; up=&#8221;60&#8243; down=&#8221;0&#8243;][vc_single_image image=&#8221;16531&#8243; img_size=&#8221;full&#8221; alignment=&#8221;center&#8221; qode_css_animation=&#8221;&#8221;][vc_separator type=&#8221;transparent&#8221; up=&#8221;40&#8243; down=&#8221;0&#8243;][vc_column_text]<\/p>\n<h3><strong>LUCIA (unit<\/strong><strong>\u00e0<\/strong><strong> elettorale 3)<\/strong><\/h3>\n<p>&nbsp;<\/p>\n<h4><strong>Lucia unita \u2013 citt<\/strong><strong>\u00e0<\/strong><strong> del futuro: <\/strong><\/h4>\n<p>continueremo con il processo di ottimizzazione della strada a scorrimento veloce Jagodje \u2013 Lucia da quattro corsie a due corsie, il che render\u00e0 possibile di abolire, dopo la costruzione, lo svincolo dell\u2019attuale strada regionale e di transito, che divide grosso modo Lucia in due parti da Via del Sottopassaggio fino alla rotatoria della lunghezza di 600 m. Al posto dell\u2019attuale strada abbiamo proposto la costruzione di un autosilo interrato a due piani con una capienza di 1000 posti auto e un parco centrale sopra lo stesso, che collegherebbe Lucia all\u2019insieme urbano migliorando la mobilit\u00e0 e la sicurezza dei pedoni. Questo progetto fornirebbe anche un numero sufficiente di posti auto per tutti i residenti di Via XXX Divisione, Via Fasano, Via delle Scuole, Via del Sottopassaggio, Via Ukmar e Lungomare nonch\u00e9 agli altri visitatori.<\/p>\n<p>&nbsp;<\/p>\n<h4><strong>Parco dello sport di Lucia: <\/strong><\/h4>\n<p>la costruzione di un parco dello sport tra la strada regionale e la zona artigianale di Lucia, che comprende un palazzetto dello sport polivalente e una piscina coperta, nonch\u00e9 aree sportive all&#8217;aperto, tra cui uno stadio di atletica leggera con una pista da corsa di 400 metri, un percorso di allenamento e altri sport all&#8217;aria aperta e parchi giochi per bambini.<\/p>\n<p>&nbsp;<\/p>\n<h4><strong>Poliambulazorio di Lucia: <\/strong><\/h4>\n<p>forniremo le condizioni per prestare cure mediche di qualit\u00e0. Il Poliambulatorio di recente costruzione sta gi\u00e0 affrontando vincoli di spazio. Si introducono nuovi programmi preventivi e curativi e aumentano le esigenze sanitarie dei residenti locali. Ecco perch\u00e9 oggi dobbiamo monitorare da vicino la situazione e agire tempestivamente. Il nuovo programma \u00e8 il Centro per la salute mentale dei bambini e degli adolescenti, che conta 12 collaboratori professionali e potrebbe anche funzionare come un&#8217;unit\u00e0 indipendente. Anche l\u2019Ambulatorio di medicina del lavoro situata a Pirano avrebbe bisogno di nuovi spazi in una posizione pi\u00f9 accessibile, poich\u00e9 copre quasi la met\u00e0 della regione.<\/p>\n<p>&nbsp;<\/p>\n<h4><strong>Orti urbani: <\/strong><\/h4>\n<p>per aumentare il livello di autosufficienza, consentiremo ai cittadini che desiderano cibo sano e di qualit\u00e0 di coltivare ortaggi di stagione per i propri bisogni su aree di coltivazione pi\u00f9 piccole. In questo modo, incoraggeremo la produzione di alimenti biologici, oltre a conoscerci, connetterci e collaborare trascorrendo del tempo libero di qualit\u00e0 nell&#8217;ambiente naturale locale.<\/p>\n<p>&nbsp;<\/p>\n<h4><strong>Costruzione di un nuovo centro operativo per l\u2019Azienda pubblica Okolje Pirano: <\/strong><\/h4>\n<p>costruiremo un nuovo centro operativo commerciale nella zona artigianale di Lucia, nell&#8217;ambito del quale sar\u00e0 realizzato anche un moderno centro del riuso, per soddisfare le esigenze di trasferimento delle attivit\u00e0 comunali della Okolje Pirano da Fornace.<\/p>\n<p>&nbsp;<\/p>\n<h4><strong>Appartamenti per giovani famiglie: <\/strong><\/h4>\n<p>nella pianificazione territoriale dell&#8217;espansione dell&#8217;insediamento di Lucia, sar\u00e0 posto un accento particolare sulla costruzione di appartamenti per giovani famiglie e su altri contenuti urbani che influiscono in modo significativo sulla qualit\u00e0 della vita e sono necessari alla comunit\u00e0.<\/p>\n<p>&nbsp;<\/p>\n<h4><strong>Costruzione della nuova scuola dell\u2019infanzia a Lucia: <\/strong><\/h4>\n<p>continueremo tutti i procedimenti gi\u00e0 avviati per la costruzione della nuova scuola dell\u2019infanzia a Lucia.<\/p>\n<p>&nbsp;<\/p>\n<h4><strong>Parrocchia di Lucia: <\/strong><\/h4>\n<p>instaureremo un dialogo e una cooperazione con la parrocchia di Lucia, tra l\u2019altro anche sul PRPC per la costruzione di una chiesa e un centro parrocchiale a Lucia, che \u00e8 stato adottato nel 2010.<\/p>\n<p><strong>\u00a0<\/strong><\/p>\n<h4><strong>Forma viva: <\/strong><\/h4>\n<p>il parco delle sculture, che rappresenta un eccezionale valore aggiunto del nostro territorio non \u00e8 sufficientemente coinvolto nella vita del luogo ed \u00e8 alienato dall&#8217;offerta turistica. Ecco perch\u00e9, in collaborazione con le Gallerie Costiere e altri attori del turismo, lavoreremo a una maggiore affermazione di Forma viva con l&#8217;obiettivo di arricchire l&#8217;offerta della destinazione turistica.[\/vc_column_text][\/vc_column_inner][\/vc_row_inner][vc_row_inner row_type=&#8221;row&#8221; type=&#8221;grid&#8221; text_align=&#8221;left&#8221; css_animation=&#8221;&#8221;][vc_column_inner][vc_separator type=&#8221;transparent&#8221; up=&#8221;60&#8243; down=&#8221;0&#8243;][vc_single_image image=&#8221;16533&#8243; img_size=&#8221;full&#8221; alignment=&#8221;center&#8221; qode_css_animation=&#8221;&#8221;][vc_separator type=&#8221;transparent&#8221; up=&#8221;40&#8243; down=&#8221;0&#8243;][vc_column_text]<\/p>\n<h3><strong>SICCIOLE E L\u2019ENTROTERRA (unit<\/strong><strong>\u00e0<\/strong><strong> elettorale 4)<\/strong><\/h3>\n<p>&nbsp;<\/p>\n<h4><strong>Costruzione della strada tra Gorgo e Costa a Sicciole: <\/strong><\/h4>\n<p>continueremo i procedimenti per la costruzione di una strada a due corsie con una pista ciclabile e pedonale separata, un viale di alberi melliferi e illuminazione pubblica tra Gorgo e Costa, con l&#8217;obiettivo di decongestionare la strada attraverso Sicciole e Prezzago e annullare il traffico di transito attraverso il paese, dove per la sicurezza degli utenti della strada sar\u00e0 stabilito un regime di traffico residenziale. Organizzeremo anche un collegamento ciclabile e pedonale tra la trattoria Mama Mari\u010dka e la Parenzana. Riserveremo una particolare attenzione alle aree pedonali e ciclabili.<\/p>\n<p>&nbsp;<\/p>\n<h4><strong>Percorso sicuro per la scuola: <\/strong><\/h4>\n<p>sulla strada di Gorgo, che rappresenta il percorso della scuola, sar\u00e0 rifatta la pavimentazione e installata l&#8217;illuminazione pubblica.<\/p>\n<p>&nbsp;<\/p>\n<h4><strong>Costruzione di appartamenti per giovani e giovani famiglie nell\u2019area di Costa: <\/strong><\/h4>\n<p>accelereremo le procedure per avviare la costruzione di appartamenti nell\u2019area di Costa, per i quali esiste gi\u00e0 il permesso di costruire.<\/p>\n<p>&nbsp;<\/p>\n<h4><strong>Costruzione della passerella e ricostruzione completa della strada lungo il canale di San Bartolomeo:<\/strong><\/h4>\n<p>dopo la costruzione della passerella di legno a due livelli, continueremo con il progetto di ricostruzione della strada e la costruzione delle opere di urbanizzazione mancanti lungo il canale di San Bartolomeo.<\/p>\n<p>&nbsp;<\/p>\n<h4><strong>Definizione del potenziale di sviluppo della CL di Sicciole:<\/strong><\/h4>\n<p>insieme alla gente del posto della CL di Sicciole, prenderemo posizioni chiare sul potenziale di sviluppo nell&#8217;area della comunit\u00e0 locale &#8211; la vecchia miniera e l&#8217;aeroporto, che devono funzionare in armonia con il luogo, e sulla fornitura di locali adeguati per il funzionamento dell&#8217;Associazione per lo sviluppo Stena e dell&#8217;Associazione turistica Taperin di Sicciole.<\/p>\n<p>&nbsp;<\/p>\n<h4><strong>Valle del Dragogna: <\/strong><\/h4>\n<p>ricostruiremo e rifaremo la pavimentazione della strada dalla rotatoria fino alla fine del Centro di raccolta a Dragogna. Parte dei fondi per la copertura dei costi \u00e8 fornita dal Ministero degli Affari Interni, ai sensi dell&#8217;articolo 9a della Legge sul controllo delle frontiere di Stato, che consente ai comuni lungo il confine di Stato di essere rimborsati per parte dei costi dovuti alla ristrutturazione e la manutenzione degli investimenti delle strade comunali e dei percorsi pubblici, che sono ulteriormente gravati da un maggiore controllo dei confini di Stato.<\/p>\n<p>&nbsp;<\/p>\n<h4><strong>Sicurezza anti inondazione: <\/strong><\/h4>\n<p>per prevenire le inondazioni, presteremo particolare attenzione alla regolare manutenzione dei corsi d&#8217;acqua in accordo con lo Stato e il concessionario.<\/p>\n<p><strong>\u00a0<\/strong><\/p>\n<h4><strong>Krog\/S. Onofrio: <\/strong><\/h4>\n<p>preparando l&#8217;avvio della procedura per l&#8217;adozione del PRPC per la regolamentazione globale dell&#8217;area di Krog\/S. Onofrio con i suoi dintorni e contenuti, che determineremo insieme alla gente del posto, istituiremo una commissione speciale di esperti di vari settori per la strategia di ristrutturazione del complesso monastico di Krog\/S. Onofrio.<\/p>\n<p>&nbsp;<\/p>\n<h4><strong>Comunit<\/strong><strong>\u00e0<\/strong><strong> locali dei paesi: <\/strong><\/h4>\n<p>costruzione della rete fognaria, ristrutturazione e riabilitazione energetica della casa di cultura di Sv. Peter, continuare e velocizzare la manutenzione dei sentieri forestali attraverso i lavori di pubblica utilit\u00e0.<\/p>\n<p>&nbsp;<\/p>\n<h4><strong>Costruzione della nuova rete fognaria del paese: <\/strong><\/h4>\n<p>proseguiremo con le attivit\u00e0 avviate per la realizzazione di un nuovo sistema fognario e di un nuovo impianto di depurazione a Sv. Peter e Nova vas.[\/vc_column_text][\/vc_column_inner][\/vc_row_inner][vc_separator type=&#8221;transparent&#8221; up=&#8221;40&#8243; down=&#8221;0&#8243;][\/vc_column][\/vc_row]<\/p>\n<\/section>","protected":false},"excerpt":{"rendered":"<p>[vc_row css_animation=&#8221;&#8221; row_type=&#8221;row&#8221; use_row_as_full_screen_section=&#8221;no&#8221; type=&#8221;grid&#8221; anchor=&#8221;kandidat-za-zupana&#8221; angled_section=&#8221;no&#8221; text_align=&#8221;center&#8221; background_image_as_pattern=&#8221;without_pattern&#8221; background_color=&#8221;#ffffff&#8221; padding_top=&#8221;50&#8243; padding_bottom=&#8221;50&#8243; z_index=&#8221;&#8221;][vc_column css=&#8221;.vc_custom_1532339789603{padding-top: 0px !important;}&#8221;][vc_column_text] Pi\u00f9 ampio \u00e8 l&#8217;orizzonte che abbiamo, pi\u00f9 vedremo oltre. Pi\u00f9 lontano vediamo, pi\u00f9 lontano arriveremo. [\/vc_column_text][vc_separator type=&#8221;small&#8221; position=&#8221;center&#8221; up=&#8221;20&#8243; down=&#8221;40&#8243;][vc_single_image image=&#8221;16477&#8243; img_size=&#8221;full&#8221; alignment=&#8221;center&#8221; qode_css_animation=&#8221;&#8221;][vc_separator type=&#8221;transparent&#8221; up=&#8221;40&#8243; down=&#8221;0&#8243;][vc_column_text] Mi candido<\/p>\n","protected":false},"author":1,"featured_media":0,"parent":0,"menu_order":0,"comment_status":"open","ping_status":"closed","template":"full_width.php","meta":{"_monsterinsights_skip_tracking":false,"_monsterinsights_sitenote_active":false,"_monsterinsights_sitenote_note":"","_monsterinsights_sitenote_category":0},"_links":{"self":[{"href":"https:\/\/www.ggminmi.si\/it\/wp-json\/wp\/v2\/pages\/16476"}],"collection":[{"href":"https:\/\/www.ggminmi.si\/it\/wp-json\/wp\/v2\/pages"}],"about":[{"href":"https:\/\/www.ggminmi.si\/it\/wp-json\/wp\/v2\/types\/page"}],"author":[{"embeddable":true,"href":"https:\/\/www.ggminmi.si\/it\/wp-json\/wp\/v2\/users\/1"}],"replies":[{"embeddable":true,"href":"https:\/\/www.ggminmi.si\/it\/wp-json\/wp\/v2\/comments?post=16476"}],"version-history":[{"count":3,"href":"https:\/\/www.ggminmi.si\/it\/wp-json\/wp\/v2\/pages\/16476\/revisions"}],"predecessor-version":[{"id":16543,"href":"https:\/\/www.ggminmi.si\/it\/wp-json\/wp\/v2\/pages\/16476\/revisions\/16543"}],"wp:attachment":[{"href":"https:\/\/www.ggminmi.si\/it\/wp-json\/wp\/v2\/media?parent=16476"}],"curies":[{"name":"wp","href":"https:\/\/api.w.org\/{rel}","templated":true}]}}