{"id":16416,"date":"2018-10-19T00:17:22","date_gmt":"2018-10-18T22:17:22","guid":{"rendered":"https:\/\/www.ggminmi.si\/gaspar-gaspar-misic-za-zupana-obcine-piran\/"},"modified":"2022-10-21T12:19:03","modified_gmt":"2022-10-21T10:19:03","slug":"gaspar-gaspar-misic-per-il-sindaco","status":"publish","type":"page","link":"https:\/\/www.ggminmi.si\/it\/gaspar-gaspar-misic-per-il-sindaco\/","title":{"rendered":"Ga\u0161par Ga\u0161par Mi\u0161i\u010d, candidato a sindaco del Comune di Pirano"},"content":{"rendered":"<section class=\"wpb-content-wrapper\"><p>[vc_row css_animation=&#8221;&#8221; row_type=&#8221;row&#8221; use_row_as_full_screen_section=&#8221;no&#8221; type=&#8221;grid&#8221; anchor=&#8221;kandidat-za-zupana&#8221; angled_section=&#8221;no&#8221; text_align=&#8221;center&#8221; background_image_as_pattern=&#8221;without_pattern&#8221; background_color=&#8221;#ffffff&#8221; padding_top=&#8221;50&#8243; padding_bottom=&#8221;50&#8243; z_index=&#8221;&#8221;][vc_column css=&#8221;.vc_custom_1532339789603{padding-top: 0px !important;}&#8221;][vc_column_text]<\/p>\n<h1 dir=\"auto\" style=\"text-align: center;\">Ga\u0161par Ga\u0161par Mi\u0161i\u010d, candidato a sindaco del Comune di Pirano<\/h1>\n<p>[\/vc_column_text][vc_separator type=&#8221;small&#8221; position=&#8221;center&#8221; up=&#8221;20&#8243; down=&#8221;40&#8243;][vc_single_image image=&#8221;16075&#8243; img_size=&#8221;full&#8221; alignment=&#8221;center&#8221; qode_css_animation=&#8221;&#8221;][vc_separator type=&#8221;transparent&#8221; up=&#8221;40&#8243; down=&#8221;0&#8243;][vc_column_text]<\/p>\n<p><strong>Ga\u0161par Ga\u0161par Mi\u0161i\u010d, coordinatore e visionario<\/strong><\/p>\n<p>nato il 24 luglio 1966, laurea in ingegneria nautica<\/p>\n<p>[\/vc_column_text][vc_separator type=&#8221;transparent&#8221; up=&#8221;40&#8243; down=&#8221;0&#8243;][vc_row_inner row_type=&#8221;row&#8221; type=&#8221;grid&#8221; text_align=&#8221;left&#8221; css_animation=&#8221;&#8221;][vc_column_inner][vc_column_text]<\/p>\n<p>Il mio percorso professionale mi ha portato da marittimo a imprenditore e a incarichi di responsabilit\u00e0 della vita sociale e politica. <strong>La creativit\u00e0 giovanile e la passione imprenditoriale hanno dettato un ritmo senza orari e vero riposo<\/strong>, intrecciandosi con la passione per l&#8217;arte e i valori tradizionali. Fin da giovane, amavo esplorare e intraprendere progetti audaci. La curiosit\u00e0 mi ha portato al mestiere di marittimo. Ho navigato per la maggior parte del mondo come <strong>ufficiale di coperta su navi transoceaniche della marina mercantile<\/strong>. A terra, dal 1994, ho esercitato la mia creativit\u00e0 come imprenditore autonomo e nella mia stessa impresa Gasspar invest. Ho ottenuto il mio pi\u00f9 grande successo lavorativo personale con l\u2019investimento nella costruzione di un moderno quartiere residenziale e commerciale <strong>Residenza Park Lucia<\/strong> con 111 appartamenti e un garage sotterraneo con 240 posti auto. Nel 2014 ho fondato la societ\u00e0 <strong>Gasspar nalo\u017ebe<\/strong>, con la quale, insieme a partner commerciali, abbiamo realizzato con successo il progetto di costruzione del complesso residenziale <strong>Residenza Livade Isola<\/strong> con 190 appartamenti e 450 posti auto annessi nel garage sotterraneo.<\/p>\n<p>&nbsp;<\/p>\n<p>Grazie alla mia versatilit\u00e0 e orientamento imprenditoriale, il mio percorso mi ha portato anche nel mondo della politica, da cui ho imparato molto. <strong>Per il bene comune e nel desiderio di cambiare in meglio, ho dedicato molto tempo agli interessi della comunit\u00e0<\/strong>. Dopo nove anni <strong>alla guida dell&#8217;Associazione turistica di Pirano<\/strong> e di partecipazione attiva nell\u2019<strong>Ente turistico dell\u2019Istria<\/strong>, ho svolto anche altre funzioni pubbliche, come <strong>consigliere comunale, presidente della Comunit\u00e0 locale, vicesindaco del Comune di Pirano, coordinatore dei sindaci dei comuni costieri, membro dell&#8217;Assemblea nazionale e segretario di Stato nel Gabinetto del Presidente del Governo della Repubblica di Slovenia<\/strong>. Nel 2013 sono stato nominato <strong>Presidente dell\u2019amministrazione del Porto di Capodistria<\/strong>. Durante la mia gestione, il valore del capitale della societ\u00e0 \u00e8 raddoppiato. Nel periodo 2014-2018 sono stato <strong>direttore dell\u2019Azienda pubblica Marjetica Koper<\/strong>, dove, con la giusta motivazione delle colleghe e colleghi, abbiamo ottenuto risultati commerciali invidiabili, visibile soddisfazione dei cittadini per l&#8217;erogazione dei servizi pubblici e il livello pi\u00f9 alto possibile di rating d\u2019eccellenza. Nello stesso periodo sono stato <strong>consigliere comunale nel Comune di Ancarano<\/strong> e <strong>consigliere del sindaco del Comune citt<\/strong><strong>\u00e0<\/strong><strong> di Capodistria<\/strong>, responsabile dell&#8217;economia e del coordinamento dei progetti tra autorit\u00e0 statali e comunit\u00e0 locali. Sono particolarmente orgoglioso del mio contributo a raggiungere la <strong>divisione pacifica e consensuale del bilancio tra il MOK (Comune citt<\/strong><strong>\u00e0<\/strong><strong> di Capodistria) e il neo costituito Comune di Ancarano <\/strong>e alla proficua realizzazione di importanti progetti infrastrutturali, che hanno un impatto significativo sulla vita e il lavoro a Capodistria e oltre. Qui desidero rilevare l\u2019<strong>abolizione<\/strong> <strong>della vignetta per il traforo di San Marco<\/strong> e la <strong>chiusura della strada costiera al traffico tra Capodistria e Isola<\/strong>, <strong>l&#8217;accordo raggiunto tra il MOK (Comune citt<\/strong><strong>\u00e0<\/strong><strong> di Capodistria) e lo Stato sull&#8217;attuazione delle misure sulla strada di \u0160marje per separare il traffico di transito e il traffico locale<\/strong>, nonch\u00e9 la <strong>riuscita attuazione dell&#8217;accordo per l&#8217;ampliamento urgente della strada di accesso di Bertocchi in una strada a quattro corsie<\/strong>, che \u00e8 in corso di attuazione. Nel 2019 ho assunto la <strong>direzione dell&#8217;Azienda pubblica Okolje Pirano<\/strong>, che ho risanato da una precaria condizione finanziaria a un&#8217;azienda sana e stabile, che si riflette nella qualit\u00e0 e nell&#8217;ampliamento della portata dell&#8217;attuazione dei servizi pubblici di rilevanza economica a beneficio di tutti i cittadini.<\/p>\n<p>&nbsp;<\/p>\n<p><strong>Chi sono e cosa voglio?<\/strong><\/p>\n<p>&nbsp;<\/p>\n<p>Dopo l&#8217;anno 2000, il mio percorso di vita \u00e8 stato particolarmente segnato dalla gestione delle gallerie d&#8217;arte <strong>Studio Galleria Gasspar a Pirano<\/strong> e <strong>Studio Galleria Gasspar a Grisignana<\/strong>, nonch\u00e9 da una sincera amicizia con il pittore e Cavaliere del vino <strong>Zvest Apollonio<\/strong> con il quale abbiamo condiviso opinioni e messo in pratica l&#8217;integrazione tra arte e cultura del vino, che sono fattori importanti nell&#8217;espressione dell&#8217;identit\u00e0 istriana. Nel 2009, su suggerimento di Zvest Apollonio, sono stato invitato e accettato nell&#8217;<strong>Ordine<\/strong> <strong>sloveno dei Cavalieri del vino<\/strong>, <strong>alla tavola per l&#8217;Istria slovena e il Carso<\/strong>, in cui realizziamo gli interessi nell\u2019ambito dell\u2019onorare la vite e il vino, coltivando, promuovendo e diffondendo la cultura vinicola slovena. Dal 2019 sono Console della tavola per l&#8217;Istria slovena e il Carso.<\/p>\n<p>&nbsp;<\/p>\n<p><strong>Quando si intraprende la strada che un individuo deve percorrere per affrontare con successo le sfide della vita e degli affari, non puoi ignorare le personalit\u00e0 che hanno segnato quel percorso. <\/strong>Durante il decennio di attivit\u00e0 delle gallerie Gasspar di Pirano e Grisignana, personalit\u00e0 come <strong>Jure Cihlar, Zvest Apollonio, Janez Lenassi, Jo\u017ee Pohlen, Du\u0161an D\u017eamonja, Marjan Tom\u0161i\u010d, Tone Pav\u010dek, Natalija Planinc <\/strong>e altri artisti hanno dato un significato speciale alla mia vita e opera. Anche se alcuni di loro non sono pi\u00f9 con noi, i miei pensieri e le mie azioni sono sempre connessi con loro.<strong> Cultura e arte fanno parte della mia vita quotidiana e aggiungono valore alle mie decisioni commerciali.<\/strong><\/p>\n<p><strong>\u00a0<\/strong><\/p>\n<p><strong>Da sempre ho messo la creativit\u00e0 al primo posto. <\/strong>Ho completamente cancellato la frase &#8220;non si pu\u00f2&#8221; dal mio vocabolario. Il mio modo di lavorare \u00e8 alquanto non convenzionale. Non mi sono mai lasciato prendere nella spirale degli eventi. Sono consapevole che il modo pi\u00f9 semplice per ottenere un futuro migliore \u00e8 crearlo. Fare del bene \u00e8 il mio principio guida. Ci\u00f2 \u00e8 confermato dalle azioni e dalle tracce che lascio alle spalle. <strong>Sono sempre stato abbastanza coraggioso da non aver paura delle nuove sfide. <\/strong>Superare gli ostacoli \u00e8 una sfida per me:<strong> quello che inizio, lo porta anche a termine. <\/strong>Smetto eccezionalmente quando le cose perdono il loro significato. A causa della mia attitudine imprenditoriale e della mia spiccata creativit\u00e0, mi trovavo costantemente di fronte alla rigidit\u00e0 del sistema e agli ostacoli del regime.<\/p>\n<p>&nbsp;<\/p>\n<p>Nel desiderio di una societ\u00e0 migliore e di un ambiente economico pi\u00f9 gradevole, sono entrato anche nel mondo della politica, dove mi sono reso conto che gli incapaci hanno la capacit\u00e0 di rendere incapaci i capaci. Ho provato in prima persona che nel nostro Paese il successo \u00e8 il peccato pi\u00f9 grande. Ho rinunciato prematuramente alla carica politica di segretario di Stato nel Gabinetto del Presidente del Governo e al mandato parlamentare, per una politica di governo insufficientemente attiva.<\/p>\n<p><strong>\u00a0<\/strong><\/p>\n<p><strong>Ho tratto la motivazione per proseguire il mio percorso imprenditoriale dai successi negli affari e personali, ma soprattutto dal supporto a 360 gradi della mia compagna di vita Tatjana e dei figli Jakob e Miha, che hanno confermato la correttezza dei miei pensieri e delle mie azioni. Sono anche orgoglioso dei miei due nipoti, per i quali mi sforzo di creare un futuro migliore.<\/strong><\/p>\n<p>&nbsp;<\/p>\n<p>Mi rendo conto che l&#8217;attivit\u00e0 fisica regolare \u00e8 una delle cose pi\u00f9 importanti che possiamo fare per la nostra salute. <strong>Ecco perch\u00e9 lo sport e la ricreazione fanno parte della mia vita quotidiana, in particolare la corsa e il nuoto<\/strong>. Nella nostra famiglia siamo <strong>grandi amanti degli animali<\/strong>, quindi non possiamo immaginare la vita senza i nostri due animali domestici, che portano una gioia speciale nella vita quotidiana della nostra famiglia.<\/p>\n<p>&nbsp;<\/p>\n<p>Per la mia caparbiet\u00e0 e perseveranza nel cammino verso la meta, mi sono riconosciuto nelle confessioni <strong>della penna del poeta Tone Pav\u010dek<\/strong>, con il quale mi piaceva chiacchierare di tanto in tanto davanti a un bicchiere di buona Malvasia istriana:[\/vc_column_text][vc_separator type=&#8221;transparent&#8221; up=&#8221;40&#8243; down=&#8221;0&#8243;][\/vc_column_inner][\/vc_row_inner][vc_row_inner row_type=&#8221;row&#8221; type=&#8221;full_width&#8221; text_align=&#8221;center&#8221; css_animation=&#8221;&#8221;][vc_column_inner width=&#8221;1\/2&#8243;][vc_column_text]<\/p>\n<h4>Ko hodi\u0161, pojdi zmeraj do konca.<\/h4>\n<h4>Spomladi do ro\u017ene cvetice,<\/h4>\n<h4>poleti do zrele p\u0161enice,<\/h4>\n<h4>jeseni do polne police,<\/h4>\n<h4>pozimi do sne\u017ene kraljice,<\/h4>\n<h4>v knjigi do zadnje vrstice,<\/h4>\n<h4>v \u017eivljenju do prave resnice,<\/h4>\n<h4>a v sebi \u2013 do rde\u010dice<\/h4>\n<h4>\u010dez eno in drugo lice.<\/h4>\n<p>&nbsp;<\/p>\n<h4>A \u010de ne pride\u0161 ne prvi\u010d, ne drugi\u010d<\/h4>\n<h4>do krova in pravega kova<\/h4>\n<h4>poskusi<\/h4>\n<h4>vnovi\u010d<\/h4>\n<h4>in zopet<\/h4>\n<h4>in znova.<\/h4>\n<h4><\/h4>\n<p>[\/vc_column_text][vc_separator type=&#8221;transparent&#8221; up=&#8221;40&#8243; down=&#8221;0&#8243;][\/vc_column_inner][vc_column_inner width=&#8221;1\/2&#8243;][vc_column_text]<\/p>\n<h4>Sre\u010da ni v glavi in ne v daljavi,<\/h4>\n<h4>ne pod palcem skrit zaklad.<\/h4>\n<h4>Sre\u010da je, ko se delo dobro opravi.<\/h4>\n<h4>In ko ima\u0161 nekoga rad.<\/h4>\n<p style=\"text-align: left;\">[\/vc_column_text][vc_separator type=&#8221;transparent&#8221; up=&#8221;40&#8243; down=&#8221;0&#8243;][\/vc_column_inner][\/vc_row_inner][vc_column_text]<\/p>\n<p style=\"text-align: left;\">Queste due confessioni nella loro semplicit\u00e0 e chiarezza parlano di una verit\u00e0 cos\u00ec profonda che le ho adottate e trasferite nel mio &#8216;archivio&#8217; personale perch\u00e9 siano sempre a portata di mano.<\/p>\n<p>[\/vc_column_text][vc_separator type=&#8221;transparent&#8221; up=&#8221;40&#8243; down=&#8221;0&#8243;][\/vc_column][\/vc_row][vc_row css_animation=&#8221;&#8221; row_type=&#8221;row&#8221; use_row_as_full_screen_section=&#8221;no&#8221; type=&#8221;full_width&#8221; angled_section=&#8221;no&#8221; text_align=&#8221;left&#8221; background_image_as_pattern=&#8221;without_pattern&#8221; padding_top=&#8221;50&#8243; z_index=&#8221;&#8221;][vc_column][vc_column_text]<\/p>\n<h3 style=\"text-align: center;\">GALLERIA DI IMMAGINI DI VITA E DI LAVORO<\/h3>\n<p>[\/vc_column_text][vc_separator type=&#8221;small&#8221; position=&#8221;center&#8221; up=&#8221;20&#8243; down=&#8221;40&#8243;][vc_gallery type=&#8221;image_grid&#8221; images=&#8221;16131,16076,16072,16027,16037,16036,16020,16111,15993,16083,16089,16067,16053,16049,16097,16017,16081,16063,16018,16048,16056,16064,16065,16061,16019,16129,16095,16096,16045,16102,16047,16110,16088,16087,16127,16091,16025,16031,16073,16074,16022,16059,16028,16035,16043,16107,16108,16106,16099,16057,16029,16023,16026,16115,16103,16113,16024,16060,16069,16093,16055,16094,16021,15995,16109,16062,16100,16098,16071,16066,16101,16084,16085,16112,16051,16082,16116,16086,16040,16105,16104,16125,16121,16068,16123,16124,16122,16079,16039,16041,16034,16077,16030,16038,16090,16046,16044,16078,16126,16052,16054,16118,16033,16032,16042,15989,16058,16117,15990,15991,16130,16092,16119,16120,16075,16128&#8243; img_size=&#8221;500&#215;400&#8243; column_number=&#8221;4&#8243; grayscale=&#8221;no&#8221; images_space=&#8221;gallery_without_space&#8221;][\/vc_column][\/vc_row]<\/p>\n<\/section>","protected":false},"excerpt":{"rendered":"<p>[vc_row css_animation=&#8221;&#8221; row_type=&#8221;row&#8221; use_row_as_full_screen_section=&#8221;no&#8221; type=&#8221;grid&#8221; anchor=&#8221;kandidat-za-zupana&#8221; angled_section=&#8221;no&#8221; text_align=&#8221;center&#8221; background_image_as_pattern=&#8221;without_pattern&#8221; background_color=&#8221;#ffffff&#8221; padding_top=&#8221;50&#8243; padding_bottom=&#8221;50&#8243; z_index=&#8221;&#8221;][vc_column css=&#8221;.vc_custom_1532339789603{padding-top: 0px !important;}&#8221;][vc_column_text] Ga\u0161par Ga\u0161par Mi\u0161i\u010d, candidato a sindaco del Comune di Pirano [\/vc_column_text][vc_separator type=&#8221;small&#8221; position=&#8221;center&#8221; up=&#8221;20&#8243; down=&#8221;40&#8243;][vc_single_image image=&#8221;16075&#8243; img_size=&#8221;full&#8221; alignment=&#8221;center&#8221; qode_css_animation=&#8221;&#8221;][vc_separator type=&#8221;transparent&#8221; up=&#8221;40&#8243; down=&#8221;0&#8243;][vc_column_text] Ga\u0161par Ga\u0161par Mi\u0161i\u010d, coordinatore e visionario nato<\/p>\n","protected":false},"author":1,"featured_media":0,"parent":0,"menu_order":0,"comment_status":"open","ping_status":"closed","template":"full_width.php","meta":{"_monsterinsights_skip_tracking":false,"_monsterinsights_sitenote_active":false,"_monsterinsights_sitenote_note":"","_monsterinsights_sitenote_category":0},"_links":{"self":[{"href":"https:\/\/www.ggminmi.si\/it\/wp-json\/wp\/v2\/pages\/16416"}],"collection":[{"href":"https:\/\/www.ggminmi.si\/it\/wp-json\/wp\/v2\/pages"}],"about":[{"href":"https:\/\/www.ggminmi.si\/it\/wp-json\/wp\/v2\/types\/page"}],"author":[{"embeddable":true,"href":"https:\/\/www.ggminmi.si\/it\/wp-json\/wp\/v2\/users\/1"}],"replies":[{"embeddable":true,"href":"https:\/\/www.ggminmi.si\/it\/wp-json\/wp\/v2\/comments?post=16416"}],"version-history":[{"count":6,"href":"https:\/\/www.ggminmi.si\/it\/wp-json\/wp\/v2\/pages\/16416\/revisions"}],"predecessor-version":[{"id":16446,"href":"https:\/\/www.ggminmi.si\/it\/wp-json\/wp\/v2\/pages\/16416\/revisions\/16446"}],"wp:attachment":[{"href":"https:\/\/www.ggminmi.si\/it\/wp-json\/wp\/v2\/media?parent=16416"}],"curies":[{"name":"wp","href":"https:\/\/api.w.org\/{rel}","templated":true}]}}